{"id":358,"date":"2023-11-23T14:47:36","date_gmt":"2023-11-23T19:47:36","guid":{"rendered":"https:\/\/parolefranco.ca\/?page_id=358"},"modified":"2024-02-29T11:20:23","modified_gmt":"2024-02-29T16:20:23","slug":"1983-2022","status":"publish","type":"page","link":"https:\/\/parolefranco.ca\/en\/1983-2022\/","title":{"rendered":"1983-2022"},"content":{"rendered":"<div class=\"wp-block-group alignfull has-border-color is-vertical is-content-justification-center is-nowrap is-layout-flex wp-container-core-group-is-layout-2585e435 wp-block-group-is-layout-flex\" style=\"border-color:#a6f5b0;border-width:65px;padding-top:0;padding-right:0;padding-bottom:0;padding-left:0\">\n<div class=\"wp-block-columns is-layout-flex wp-container-core-columns-is-layout-f56f613f wp-block-columns-is-layout-flex\">\n<div class=\"wp-block-column is-layout-flow wp-block-column-is-layout-flow\" style=\"flex-basis:33.33%\">\n<figure class=\"wp-block-image aligncenter size-large is-resized\"><img data-recalc-dims=\"1\" loading=\"lazy\" decoding=\"async\" width=\"2048\" height=\"703\" data-attachment-id=\"97\" data-permalink=\"https:\/\/parolefranco.ca\/en\/lilly-footer\/\" data-orig-file=\"https:\/\/i0.wp.com\/parolefranco.ca\/wp-content\/uploads\/2023\/10\/lilly-footer.png?fit=2048%2C703&amp;ssl=1\" data-orig-size=\"2048,703\" data-comments-opened=\"1\" data-image-meta=\"{&quot;aperture&quot;:&quot;0&quot;,&quot;credit&quot;:&quot;&quot;,&quot;camera&quot;:&quot;&quot;,&quot;caption&quot;:&quot;&quot;,&quot;created_timestamp&quot;:&quot;0&quot;,&quot;copyright&quot;:&quot;&quot;,&quot;focal_length&quot;:&quot;0&quot;,&quot;iso&quot;:&quot;0&quot;,&quot;shutter_speed&quot;:&quot;0&quot;,&quot;title&quot;:&quot;&quot;,&quot;orientation&quot;:&quot;0&quot;}\" data-image-title=\"lilly-footer\" data-image-description=\"\" data-image-caption=\"\" data-large-file=\"https:\/\/i0.wp.com\/parolefranco.ca\/wp-content\/uploads\/2023\/10\/lilly-footer.png?fit=1024%2C352&amp;ssl=1\" src=\"https:\/\/i0.wp.com\/parolefranco.ca\/wp-content\/uploads\/2023\/10\/lilly-footer.png?resize=2048%2C703&#038;ssl=1\" alt=\"\" class=\"wp-image-97\" style=\"width:251px;height:auto\"\/><\/figure>\n\n\n\n<p class=\"wp-block-paragraph\" style=\"margin-right:var(--wp--preset--spacing--50);margin-left:var(--wp--preset--spacing--50);font-size:24px\">Current challenges, such as the integration of immigrants and the transmission of the French language to the next generation, have stimulated a new way of \u201cspeaking up.\u201d Francophone minority communities are creating more inclusive francophone spaces and projecting themselves on a global scale. They have also mobilized when their institutions were threatened by government decisions, and they have increasingly gone to court to win their cases.<\/p>\n\n\n\n<div style=\"height:30px\" aria-hidden=\"true\" class=\"wp-block-spacer\"><\/div>\n\n\n\n<div class=\"wp-block-buttons is-content-justification-center is-layout-flex wp-container-core-buttons-is-layout-20959078 wp-block-buttons-is-layout-flex\">\n<div class=\"wp-block-button has-custom-width wp-block-button__width-50 has-custom-font-size\" style=\"font-size:20px\"><a class=\"wp-block-button__link has-background wp-element-button\" href=\"https:\/\/parolefranco.ca\/en\/1867-1927\/\" style=\"border-radius:10px;background-color:#9d7b58\">1867-1927<\/a><\/div>\n<\/div>\n\n\n\n<div class=\"wp-block-buttons is-content-justification-center is-layout-flex wp-container-core-buttons-is-layout-20959078 wp-block-buttons-is-layout-flex\">\n<div class=\"wp-block-button has-custom-width wp-block-button__width-50 has-custom-font-size\" style=\"font-size:20px\"><a class=\"wp-block-button__link has-background wp-element-button\" href=\"https:\/\/parolefranco.ca\/en\/1928-1967\/\" style=\"border-radius:10px;background-color:#9d7b58\">1928-1967<\/a><\/div>\n<\/div>\n\n\n\n<div class=\"wp-block-buttons is-content-justification-center is-layout-flex wp-container-core-buttons-is-layout-20959078 wp-block-buttons-is-layout-flex\">\n<div class=\"wp-block-button has-custom-width wp-block-button__width-50 has-custom-font-size\" style=\"font-size:20px\"><a class=\"wp-block-button__link has-background wp-element-button\" href=\"https:\/\/parolefranco.ca\/en\/1968-1982\/\" style=\"border-radius:10px;background-color:#9d7b58\">1968-1982<\/a><\/div>\n<\/div>\n\n\n\n<div style=\"height:30px\" aria-hidden=\"true\" class=\"wp-block-spacer\"><\/div>\n<\/div>\n\n\n\n<div class=\"wp-block-column is-layout-flow wp-block-column-is-layout-flow\" style=\"flex-basis:66.66%\">\n<div class=\"wp-block-group is-vertical is-layout-flex wp-container-core-group-is-layout-8cf7f373 wp-block-group-is-layout-flex\">\n<div class=\"wp-block-columns is-layout-flex wp-container-core-columns-is-layout-f56f613f wp-block-columns-is-layout-flex\">\n<div class=\"wp-block-column is-layout-flow wp-block-column-is-layout-flow\">\n<figure class=\"wp-block-image size-large\"><a href=\"https:\/\/parolefranco.ca\/en\/25-juillet-1983\/\"><img data-recalc-dims=\"1\" loading=\"lazy\" decoding=\"async\" width=\"1545\" height=\"2000\" data-attachment-id=\"1015\" data-permalink=\"https:\/\/parolefranco.ca\/en\/1968-1982\/interligne\/\" data-orig-file=\"https:\/\/i0.wp.com\/parolefranco.ca\/wp-content\/uploads\/2023\/12\/interligne.png?fit=1545%2C2000&amp;ssl=1\" data-orig-size=\"1545,2000\" data-comments-opened=\"1\" data-image-meta=\"{&quot;aperture&quot;:&quot;0&quot;,&quot;credit&quot;:&quot;&quot;,&quot;camera&quot;:&quot;&quot;,&quot;caption&quot;:&quot;&quot;,&quot;created_timestamp&quot;:&quot;0&quot;,&quot;copyright&quot;:&quot;&quot;,&quot;focal_length&quot;:&quot;0&quot;,&quot;iso&quot;:&quot;0&quot;,&quot;shutter_speed&quot;:&quot;0&quot;,&quot;title&quot;:&quot;&quot;,&quot;orientation&quot;:&quot;0&quot;}\" data-image-title=\"Interligne\" data-image-description=\"\" data-image-caption=\"\" data-large-file=\"https:\/\/i0.wp.com\/parolefranco.ca\/wp-content\/uploads\/2023\/12\/interligne.png?fit=791%2C1024&amp;ssl=1\" src=\"https:\/\/i0.wp.com\/parolefranco.ca\/wp-content\/uploads\/2023\/12\/interligne.png?resize=1545%2C2000&#038;ssl=1\" alt=\"\" class=\"wp-image-1015\"\/><\/a><figcaption class=\"wp-element-caption\">Its Mission: The Early Days of the Publishing House <em>L\u2019Interligne<\/em>, 1983<\/figcaption><\/figure>\n<\/div>\n\n\n\n<div class=\"wp-block-column is-layout-flow wp-block-column-is-layout-flow\">\n<figure class=\"wp-block-image size-large\"><a href=\"https:\/\/parolefranco.ca\/en\/aout-1986\/\"><img data-recalc-dims=\"1\" loading=\"lazy\" decoding=\"async\" width=\"791\" height=\"1024\" data-attachment-id=\"1630\" data-permalink=\"https:\/\/parolefranco.ca\/en\/1983-2022\/questioning-multiculturalism\/\" data-orig-file=\"https:\/\/i0.wp.com\/parolefranco.ca\/wp-content\/uploads\/2024\/02\/Questioning-multiculturalism.png?fit=1545%2C2000&amp;ssl=1\" data-orig-size=\"1545,2000\" data-comments-opened=\"1\" data-image-meta=\"{&quot;aperture&quot;:&quot;0&quot;,&quot;credit&quot;:&quot;&quot;,&quot;camera&quot;:&quot;&quot;,&quot;caption&quot;:&quot;&quot;,&quot;created_timestamp&quot;:&quot;0&quot;,&quot;copyright&quot;:&quot;&quot;,&quot;focal_length&quot;:&quot;0&quot;,&quot;iso&quot;:&quot;0&quot;,&quot;shutter_speed&quot;:&quot;0&quot;,&quot;title&quot;:&quot;&quot;,&quot;orientation&quot;:&quot;0&quot;}\" data-image-title=\"Questioning multiculturalism\" data-image-description=\"\" data-image-caption=\"\" data-large-file=\"https:\/\/i0.wp.com\/parolefranco.ca\/wp-content\/uploads\/2024\/02\/Questioning-multiculturalism.png?fit=791%2C1024&amp;ssl=1\" src=\"https:\/\/i0.wp.com\/parolefranco.ca\/wp-content\/uploads\/2024\/02\/Questioning-multiculturalism.png?resize=791%2C1024&#038;ssl=1\" alt=\"\" class=\"wp-image-1630\" style=\"object-fit:cover\" srcset=\"https:\/\/i0.wp.com\/parolefranco.ca\/wp-content\/uploads\/2024\/02\/Questioning-multiculturalism.png?resize=791%2C1024&amp;ssl=1 791w, https:\/\/i0.wp.com\/parolefranco.ca\/wp-content\/uploads\/2024\/02\/Questioning-multiculturalism.png?resize=232%2C300&amp;ssl=1 232w, https:\/\/i0.wp.com\/parolefranco.ca\/wp-content\/uploads\/2024\/02\/Questioning-multiculturalism.png?resize=768%2C994&amp;ssl=1 768w, https:\/\/i0.wp.com\/parolefranco.ca\/wp-content\/uploads\/2024\/02\/Questioning-multiculturalism.png?resize=1187%2C1536&amp;ssl=1 1187w, https:\/\/i0.wp.com\/parolefranco.ca\/wp-content\/uploads\/2024\/02\/Questioning-multiculturalism.png?resize=9%2C12&amp;ssl=1 9w, https:\/\/i0.wp.com\/parolefranco.ca\/wp-content\/uploads\/2024\/02\/Questioning-multiculturalism.png?resize=1200%2C1553&amp;ssl=1 1200w, https:\/\/i0.wp.com\/parolefranco.ca\/wp-content\/uploads\/2024\/02\/Questioning-multiculturalism.png?w=1545&amp;ssl=1 1545w\" sizes=\"auto, (max-width: 791px) 100vw, 791px\" \/><\/a><figcaption class=\"wp-element-caption\">Questioning Multiculturalism, 1986<\/figcaption><\/figure>\n<\/div>\n\n\n\n<div class=\"wp-block-column is-layout-flow wp-block-column-is-layout-flow\">\n<figure class=\"wp-block-image size-full\"><a href=\"https:\/\/parolefranco.ca\/en\/28-mars-1986\/\"><img data-recalc-dims=\"1\" loading=\"lazy\" decoding=\"async\" width=\"1545\" height=\"2000\" data-attachment-id=\"1981\" data-permalink=\"https:\/\/parolefranco.ca\/en\/1983-2022\/documents-bugnet-un-interet-national\/\" data-orig-file=\"https:\/\/i0.wp.com\/parolefranco.ca\/wp-content\/uploads\/2024\/02\/Documents%E2%80%AF-BUGNET%E2%80%AF-Un-interet-national.png?fit=1545%2C2000&amp;ssl=1\" data-orig-size=\"1545,2000\" data-comments-opened=\"1\" data-image-meta=\"{&quot;aperture&quot;:&quot;0&quot;,&quot;credit&quot;:&quot;&quot;,&quot;camera&quot;:&quot;&quot;,&quot;caption&quot;:&quot;&quot;,&quot;created_timestamp&quot;:&quot;0&quot;,&quot;copyright&quot;:&quot;&quot;,&quot;focal_length&quot;:&quot;0&quot;,&quot;iso&quot;:&quot;0&quot;,&quot;shutter_speed&quot;:&quot;0&quot;,&quot;title&quot;:&quot;&quot;,&quot;orientation&quot;:&quot;0&quot;}\" data-image-title=\"Documents\u202f-BUGNET\u202f-Un-interet-national\" data-image-description=\"\" data-image-caption=\"\" data-large-file=\"https:\/\/i0.wp.com\/parolefranco.ca\/wp-content\/uploads\/2024\/02\/Documents%E2%80%AF-BUGNET%E2%80%AF-Un-interet-national.png?fit=791%2C1024&amp;ssl=1\" src=\"https:\/\/i0.wp.com\/parolefranco.ca\/wp-content\/uploads\/2024\/02\/Documents%E2%80%AF-BUGNET%E2%80%AF-Un-interet-national.png?resize=1545%2C2000&#038;ssl=1\" alt=\"\" class=\"wp-image-1981\" srcset=\"https:\/\/i0.wp.com\/parolefranco.ca\/wp-content\/uploads\/2024\/02\/Documents%E2%80%AF-BUGNET%E2%80%AF-Un-interet-national.png?w=1545&amp;ssl=1 1545w, https:\/\/i0.wp.com\/parolefranco.ca\/wp-content\/uploads\/2024\/02\/Documents%E2%80%AF-BUGNET%E2%80%AF-Un-interet-national.png?resize=232%2C300&amp;ssl=1 232w, https:\/\/i0.wp.com\/parolefranco.ca\/wp-content\/uploads\/2024\/02\/Documents%E2%80%AF-BUGNET%E2%80%AF-Un-interet-national.png?resize=791%2C1024&amp;ssl=1 791w, https:\/\/i0.wp.com\/parolefranco.ca\/wp-content\/uploads\/2024\/02\/Documents%E2%80%AF-BUGNET%E2%80%AF-Un-interet-national.png?resize=768%2C994&amp;ssl=1 768w, https:\/\/i0.wp.com\/parolefranco.ca\/wp-content\/uploads\/2024\/02\/Documents%E2%80%AF-BUGNET%E2%80%AF-Un-interet-national.png?resize=1187%2C1536&amp;ssl=1 1187w, https:\/\/i0.wp.com\/parolefranco.ca\/wp-content\/uploads\/2024\/02\/Documents%E2%80%AF-BUGNET%E2%80%AF-Un-interet-national.png?resize=9%2C12&amp;ssl=1 9w, https:\/\/i0.wp.com\/parolefranco.ca\/wp-content\/uploads\/2024\/02\/Documents%E2%80%AF-BUGNET%E2%80%AF-Un-interet-national.png?resize=1200%2C1553&amp;ssl=1 1200w\" sizes=\"auto, (max-width: 1000px) 100vw, 1000px\" \/><\/a><figcaption class=\"wp-element-caption\">French-Language Schools Operated For and By Francophones, 1986<\/figcaption><\/figure>\n<\/div>\n<\/div>\n\n\n\n<div class=\"wp-block-columns is-layout-flex wp-container-core-columns-is-layout-f56f613f wp-block-columns-is-layout-flex\">\n<div class=\"wp-block-column is-layout-flow wp-block-column-is-layout-flow\">\n<figure class=\"wp-block-image size-large\"><a href=\"https:\/\/parolefranco.ca\/en\/7-9-april-1987\/\"><img data-recalc-dims=\"1\" loading=\"lazy\" decoding=\"async\" width=\"1545\" height=\"2000\" data-attachment-id=\"846\" data-permalink=\"https:\/\/parolefranco.ca\/en\/1968-1982\/piquette\/\" data-orig-file=\"https:\/\/i0.wp.com\/parolefranco.ca\/wp-content\/uploads\/2023\/12\/piquette.png?fit=1545%2C2000&amp;ssl=1\" data-orig-size=\"1545,2000\" data-comments-opened=\"1\" data-image-meta=\"{&quot;aperture&quot;:&quot;0&quot;,&quot;credit&quot;:&quot;&quot;,&quot;camera&quot;:&quot;&quot;,&quot;caption&quot;:&quot;&quot;,&quot;created_timestamp&quot;:&quot;0&quot;,&quot;copyright&quot;:&quot;&quot;,&quot;focal_length&quot;:&quot;0&quot;,&quot;iso&quot;:&quot;0&quot;,&quot;shutter_speed&quot;:&quot;0&quot;,&quot;title&quot;:&quot;&quot;,&quot;orientation&quot;:&quot;0&quot;}\" data-image-title=\"Piquette\" data-image-description=\"\" data-image-caption=\"\" data-large-file=\"https:\/\/i0.wp.com\/parolefranco.ca\/wp-content\/uploads\/2023\/12\/piquette.png?fit=791%2C1024&amp;ssl=1\" src=\"https:\/\/i0.wp.com\/parolefranco.ca\/wp-content\/uploads\/2023\/12\/piquette.png?resize=1545%2C2000&#038;ssl=1\" alt=\"\" class=\"wp-image-846\"\/><\/a><figcaption class=\"wp-element-caption\">Mr. Piquette: En anglais s'il vous pla\u00eet! (In English, please). 1987 <\/figcaption><\/figure>\n<\/div>\n\n\n\n<div class=\"wp-block-column is-layout-flow wp-block-column-is-layout-flow\">\n<figure class=\"wp-block-image size-large\"><a href=\"https:\/\/parolefranco.ca\/en\/1993-2\/\"><img data-recalc-dims=\"1\" loading=\"lazy\" decoding=\"async\" width=\"791\" height=\"1024\" data-attachment-id=\"1338\" data-permalink=\"https:\/\/parolefranco.ca\/en\/1968-1982\/association-des-lesbiennes-et-des-gais-de-loutaouais\/\" data-orig-file=\"https:\/\/i0.wp.com\/parolefranco.ca\/wp-content\/uploads\/2024\/01\/Association-des-lesbiennes-et-des-gais-de-lOutaouais.png?fit=1545%2C2000&amp;ssl=1\" data-orig-size=\"1545,2000\" data-comments-opened=\"1\" data-image-meta=\"{&quot;aperture&quot;:&quot;0&quot;,&quot;credit&quot;:&quot;&quot;,&quot;camera&quot;:&quot;&quot;,&quot;caption&quot;:&quot;&quot;,&quot;created_timestamp&quot;:&quot;0&quot;,&quot;copyright&quot;:&quot;&quot;,&quot;focal_length&quot;:&quot;0&quot;,&quot;iso&quot;:&quot;0&quot;,&quot;shutter_speed&quot;:&quot;0&quot;,&quot;title&quot;:&quot;&quot;,&quot;orientation&quot;:&quot;0&quot;}\" data-image-title=\"Association des lesbiennes et des gais de l\u2019Outaouais\" data-image-description=\"\" data-image-caption=\"\" data-large-file=\"https:\/\/i0.wp.com\/parolefranco.ca\/wp-content\/uploads\/2024\/01\/Association-des-lesbiennes-et-des-gais-de-lOutaouais.png?fit=791%2C1024&amp;ssl=1\" src=\"https:\/\/i0.wp.com\/parolefranco.ca\/wp-content\/uploads\/2024\/01\/Association-des-lesbiennes-et-des-gais-de-lOutaouais.png?resize=791%2C1024&#038;ssl=1\" alt=\"\" class=\"wp-image-1338\" srcset=\"https:\/\/i0.wp.com\/parolefranco.ca\/wp-content\/uploads\/2024\/01\/Association-des-lesbiennes-et-des-gais-de-lOutaouais.png?resize=791%2C1024&amp;ssl=1 791w, https:\/\/i0.wp.com\/parolefranco.ca\/wp-content\/uploads\/2024\/01\/Association-des-lesbiennes-et-des-gais-de-lOutaouais.png?resize=232%2C300&amp;ssl=1 232w, https:\/\/i0.wp.com\/parolefranco.ca\/wp-content\/uploads\/2024\/01\/Association-des-lesbiennes-et-des-gais-de-lOutaouais.png?resize=768%2C994&amp;ssl=1 768w, https:\/\/i0.wp.com\/parolefranco.ca\/wp-content\/uploads\/2024\/01\/Association-des-lesbiennes-et-des-gais-de-lOutaouais.png?resize=1187%2C1536&amp;ssl=1 1187w, https:\/\/i0.wp.com\/parolefranco.ca\/wp-content\/uploads\/2024\/01\/Association-des-lesbiennes-et-des-gais-de-lOutaouais.png?resize=9%2C12&amp;ssl=1 9w, https:\/\/i0.wp.com\/parolefranco.ca\/wp-content\/uploads\/2024\/01\/Association-des-lesbiennes-et-des-gais-de-lOutaouais.png?resize=1200%2C1553&amp;ssl=1 1200w, https:\/\/i0.wp.com\/parolefranco.ca\/wp-content\/uploads\/2024\/01\/Association-des-lesbiennes-et-des-gais-de-lOutaouais.png?w=1545&amp;ssl=1 1545w\" sizes=\"auto, (max-width: 791px) 100vw, 791px\" \/><\/a><figcaption class=\"wp-element-caption\">Association of Lesbians and Gays of Ottawa, 1993<\/figcaption><\/figure>\n<\/div>\n\n\n\n<div class=\"wp-block-column is-layout-flow wp-block-column-is-layout-flow\">\n<figure class=\"wp-block-image size-large\"><a href=\"https:\/\/parolefranco.ca\/en\/novembre-1993\/\"><img data-recalc-dims=\"1\" loading=\"lazy\" decoding=\"async\" width=\"1545\" height=\"2000\" data-attachment-id=\"975\" data-permalink=\"https:\/\/parolefranco.ca\/en\/1968-1982\/liason\/\" data-orig-file=\"https:\/\/i0.wp.com\/parolefranco.ca\/wp-content\/uploads\/2023\/12\/liason.png?fit=1545%2C2000&amp;ssl=1\" data-orig-size=\"1545,2000\" data-comments-opened=\"1\" data-image-meta=\"{&quot;aperture&quot;:&quot;0&quot;,&quot;credit&quot;:&quot;&quot;,&quot;camera&quot;:&quot;&quot;,&quot;caption&quot;:&quot;&quot;,&quot;created_timestamp&quot;:&quot;0&quot;,&quot;copyright&quot;:&quot;&quot;,&quot;focal_length&quot;:&quot;0&quot;,&quot;iso&quot;:&quot;0&quot;,&quot;shutter_speed&quot;:&quot;0&quot;,&quot;title&quot;:&quot;&quot;,&quot;orientation&quot;:&quot;0&quot;}\" data-image-title=\"Liason\" data-image-description=\"\" data-image-caption=\"\" data-large-file=\"https:\/\/i0.wp.com\/parolefranco.ca\/wp-content\/uploads\/2023\/12\/liason.png?fit=791%2C1024&amp;ssl=1\" src=\"https:\/\/i0.wp.com\/parolefranco.ca\/wp-content\/uploads\/2023\/12\/liason.png?resize=1545%2C2000&#038;ssl=1\" alt=\"\" class=\"wp-image-975\"\/><\/a><figcaption class=\"wp-element-caption\">Our place? Intergenerational Connections and \nIntersectional Issues in Ontario\u2019s Arts Scene, 1993<\/figcaption><\/figure>\n<\/div>\n<\/div>\n\n\n\n<div class=\"wp-block-columns is-layout-flex wp-container-core-columns-is-layout-f56f613f wp-block-columns-is-layout-flex\">\n<div class=\"wp-block-column is-layout-flow wp-block-column-is-layout-flow\">\n<figure class=\"wp-block-image size-large\"><img data-recalc-dims=\"1\" loading=\"lazy\" decoding=\"async\" width=\"791\" height=\"1024\" data-attachment-id=\"2227\" data-permalink=\"https:\/\/parolefranco.ca\/en\/1983-2022\/congres-acadien-94-1\/\" data-orig-file=\"https:\/\/i0.wp.com\/parolefranco.ca\/wp-content\/uploads\/2024\/02\/Congres-Acadien-94-1.png?fit=1545%2C2000&amp;ssl=1\" data-orig-size=\"1545,2000\" data-comments-opened=\"1\" data-image-meta=\"{&quot;aperture&quot;:&quot;0&quot;,&quot;credit&quot;:&quot;&quot;,&quot;camera&quot;:&quot;&quot;,&quot;caption&quot;:&quot;&quot;,&quot;created_timestamp&quot;:&quot;0&quot;,&quot;copyright&quot;:&quot;&quot;,&quot;focal_length&quot;:&quot;0&quot;,&quot;iso&quot;:&quot;0&quot;,&quot;shutter_speed&quot;:&quot;0&quot;,&quot;title&quot;:&quot;&quot;,&quot;orientation&quot;:&quot;0&quot;}\" data-image-title=\"Congres-Acadien-94-1\" data-image-description=\"\" data-image-caption=\"\" data-large-file=\"https:\/\/i0.wp.com\/parolefranco.ca\/wp-content\/uploads\/2024\/02\/Congres-Acadien-94-1.png?fit=791%2C1024&amp;ssl=1\" src=\"https:\/\/i0.wp.com\/parolefranco.ca\/wp-content\/uploads\/2024\/02\/Congres-Acadien-94-1.png?resize=791%2C1024&#038;ssl=1\" alt=\"\" class=\"wp-image-2227\" srcset=\"https:\/\/i0.wp.com\/parolefranco.ca\/wp-content\/uploads\/2024\/02\/Congres-Acadien-94-1.png?resize=791%2C1024&amp;ssl=1 791w, https:\/\/i0.wp.com\/parolefranco.ca\/wp-content\/uploads\/2024\/02\/Congres-Acadien-94-1.png?resize=232%2C300&amp;ssl=1 232w, https:\/\/i0.wp.com\/parolefranco.ca\/wp-content\/uploads\/2024\/02\/Congres-Acadien-94-1.png?resize=768%2C994&amp;ssl=1 768w, https:\/\/i0.wp.com\/parolefranco.ca\/wp-content\/uploads\/2024\/02\/Congres-Acadien-94-1.png?resize=1187%2C1536&amp;ssl=1 1187w, https:\/\/i0.wp.com\/parolefranco.ca\/wp-content\/uploads\/2024\/02\/Congres-Acadien-94-1.png?resize=9%2C12&amp;ssl=1 9w, https:\/\/i0.wp.com\/parolefranco.ca\/wp-content\/uploads\/2024\/02\/Congres-Acadien-94-1.png?resize=1200%2C1553&amp;ssl=1 1200w, https:\/\/i0.wp.com\/parolefranco.ca\/wp-content\/uploads\/2024\/02\/Congres-Acadien-94-1.png?w=1545&amp;ssl=1 1545w\" sizes=\"auto, (max-width: 791px) 100vw, 791px\" \/><figcaption class=\"wp-element-caption\">Coming soon<\/figcaption><\/figure>\n<\/div>\n\n\n\n<div class=\"wp-block-column is-layout-flow wp-block-column-is-layout-flow\">\n<figure class=\"wp-block-image size-large\"><a href=\"https:\/\/parolefranco.ca\/en\/13-mars-1997\/\"><img data-recalc-dims=\"1\" loading=\"lazy\" decoding=\"async\" width=\"1545\" height=\"2000\" data-attachment-id=\"1020\" data-permalink=\"https:\/\/parolefranco.ca\/en\/1983-2022\/montfort\/\" data-orig-file=\"https:\/\/i0.wp.com\/parolefranco.ca\/wp-content\/uploads\/2023\/12\/montfort.png?fit=1545%2C2000&amp;ssl=1\" data-orig-size=\"1545,2000\" data-comments-opened=\"1\" data-image-meta=\"{&quot;aperture&quot;:&quot;0&quot;,&quot;credit&quot;:&quot;&quot;,&quot;camera&quot;:&quot;&quot;,&quot;caption&quot;:&quot;&quot;,&quot;created_timestamp&quot;:&quot;0&quot;,&quot;copyright&quot;:&quot;&quot;,&quot;focal_length&quot;:&quot;0&quot;,&quot;iso&quot;:&quot;0&quot;,&quot;shutter_speed&quot;:&quot;0&quot;,&quot;title&quot;:&quot;&quot;,&quot;orientation&quot;:&quot;0&quot;}\" data-image-title=\"Montfort\" data-image-description=\"\" data-image-caption=\"\" data-large-file=\"https:\/\/i0.wp.com\/parolefranco.ca\/wp-content\/uploads\/2023\/12\/montfort.png?fit=791%2C1024&amp;ssl=1\" src=\"https:\/\/i0.wp.com\/parolefranco.ca\/wp-content\/uploads\/2023\/12\/montfort.png?resize=1545%2C2000&#038;ssl=1\" alt=\"\" class=\"wp-image-1020\"\/><\/a><figcaption class=\"wp-element-caption\">Closing the <em>H\u00f4pital Montfort<\/em>: Never!, 1997<\/figcaption><\/figure>\n<\/div>\n\n\n\n<div class=\"wp-block-column is-layout-flow wp-block-column-is-layout-flow\">\n<figure class=\"wp-block-image size-large\"><a href=\"https:\/\/parolefranco.ca\/en\/25-octobre-2002\/\"><img data-recalc-dims=\"1\" loading=\"lazy\" decoding=\"async\" width=\"1545\" height=\"2000\" data-attachment-id=\"1023\" data-permalink=\"https:\/\/parolefranco.ca\/en\/1983-2022\/le-manifeste-beaubassin\/\" data-orig-file=\"https:\/\/i0.wp.com\/parolefranco.ca\/wp-content\/uploads\/2023\/12\/le-manifeste-beaubassin.png?fit=1545%2C2000&amp;ssl=1\" data-orig-size=\"1545,2000\" data-comments-opened=\"1\" data-image-meta=\"{&quot;aperture&quot;:&quot;0&quot;,&quot;credit&quot;:&quot;&quot;,&quot;camera&quot;:&quot;&quot;,&quot;caption&quot;:&quot;&quot;,&quot;created_timestamp&quot;:&quot;0&quot;,&quot;copyright&quot;:&quot;&quot;,&quot;focal_length&quot;:&quot;0&quot;,&quot;iso&quot;:&quot;0&quot;,&quot;shutter_speed&quot;:&quot;0&quot;,&quot;title&quot;:&quot;&quot;,&quot;orientation&quot;:&quot;0&quot;}\" data-image-title=\"Le Manifeste Beaubassin\" data-image-description=\"\" data-image-caption=\"\" data-large-file=\"https:\/\/i0.wp.com\/parolefranco.ca\/wp-content\/uploads\/2023\/12\/le-manifeste-beaubassin.png?fit=791%2C1024&amp;ssl=1\" src=\"https:\/\/i0.wp.com\/parolefranco.ca\/wp-content\/uploads\/2023\/12\/le-manifeste-beaubassin.png?resize=1545%2C2000&#038;ssl=1\" alt=\"\" class=\"wp-image-1023\"\/><\/a><figcaption class=\"wp-element-caption\">\u201cDisturbance\u201d or \u201cGenocide\u201d?<br>The Deportations Still Making News in Acadie, 2002<\/figcaption><\/figure>\n<\/div>\n<\/div>\n\n\n\n<div class=\"wp-block-columns is-layout-flex wp-container-core-columns-is-layout-f56f613f wp-block-columns-is-layout-flex\">\n<div class=\"wp-block-column is-layout-flow wp-block-column-is-layout-flow\">\n<figure class=\"wp-block-image size-large\"><a href=\"https:\/\/parolefranco.ca\/en\/2018-2\/\"><img data-recalc-dims=\"1\" loading=\"lazy\" decoding=\"async\" width=\"1545\" height=\"2000\" data-attachment-id=\"1026\" data-permalink=\"https:\/\/parolefranco.ca\/en\/1983-2022\/manifeste-franco-ontarien\/\" data-orig-file=\"https:\/\/i0.wp.com\/parolefranco.ca\/wp-content\/uploads\/2023\/12\/manifeste-franco-ontarien.png?fit=1545%2C2000&amp;ssl=1\" data-orig-size=\"1545,2000\" data-comments-opened=\"1\" data-image-meta=\"{&quot;aperture&quot;:&quot;0&quot;,&quot;credit&quot;:&quot;&quot;,&quot;camera&quot;:&quot;&quot;,&quot;caption&quot;:&quot;&quot;,&quot;created_timestamp&quot;:&quot;0&quot;,&quot;copyright&quot;:&quot;&quot;,&quot;focal_length&quot;:&quot;0&quot;,&quot;iso&quot;:&quot;0&quot;,&quot;shutter_speed&quot;:&quot;0&quot;,&quot;title&quot;:&quot;&quot;,&quot;orientation&quot;:&quot;0&quot;}\" data-image-title=\"Manifeste Franco-Ontarien\" data-image-description=\"\" data-image-caption=\"\" data-large-file=\"https:\/\/i0.wp.com\/parolefranco.ca\/wp-content\/uploads\/2023\/12\/manifeste-franco-ontarien.png?fit=791%2C1024&amp;ssl=1\" src=\"https:\/\/i0.wp.com\/parolefranco.ca\/wp-content\/uploads\/2023\/12\/manifeste-franco-ontarien.png?resize=1545%2C2000&#038;ssl=1\" alt=\"\" class=\"wp-image-1026\"\/><\/a><figcaption class=\"wp-element-caption\">Franco-Ontarian Resistance 2.0, or Speaking Out in the Digital Age, 2018<\/figcaption><\/figure>\n<\/div>\n\n\n\n<div class=\"wp-block-column is-layout-flow wp-block-column-is-layout-flow\">\n<figure class=\"wp-block-image size-large\"><a href=\"https:\/\/parolefranco.ca\/en\/2008-2\/\"><img data-recalc-dims=\"1\" loading=\"lazy\" decoding=\"async\" width=\"791\" height=\"1024\" data-attachment-id=\"1340\" data-permalink=\"https:\/\/parolefranco.ca\/en\/1983-2022\/commission-sur-linclusion-de-la-communaute-fransaskoise\/\" data-orig-file=\"https:\/\/i0.wp.com\/parolefranco.ca\/wp-content\/uploads\/2024\/01\/Commission-sur-linclusion-de-la-communaute-fransaskoise.png?fit=1545%2C2000&amp;ssl=1\" data-orig-size=\"1545,2000\" data-comments-opened=\"1\" data-image-meta=\"{&quot;aperture&quot;:&quot;0&quot;,&quot;credit&quot;:&quot;&quot;,&quot;camera&quot;:&quot;&quot;,&quot;caption&quot;:&quot;&quot;,&quot;created_timestamp&quot;:&quot;0&quot;,&quot;copyright&quot;:&quot;&quot;,&quot;focal_length&quot;:&quot;0&quot;,&quot;iso&quot;:&quot;0&quot;,&quot;shutter_speed&quot;:&quot;0&quot;,&quot;title&quot;:&quot;&quot;,&quot;orientation&quot;:&quot;0&quot;}\" data-image-title=\"Commission sur l\u2019inclusion de la communaute\u0301 fransaskoise\" data-image-description=\"\" data-image-caption=\"\" data-large-file=\"https:\/\/i0.wp.com\/parolefranco.ca\/wp-content\/uploads\/2024\/01\/Commission-sur-linclusion-de-la-communaute-fransaskoise.png?fit=791%2C1024&amp;ssl=1\" src=\"https:\/\/i0.wp.com\/parolefranco.ca\/wp-content\/uploads\/2024\/01\/Commission-sur-linclusion-de-la-communaute-fransaskoise.png?resize=791%2C1024&#038;ssl=1\" alt=\"\" class=\"wp-image-1340\" srcset=\"https:\/\/i0.wp.com\/parolefranco.ca\/wp-content\/uploads\/2024\/01\/Commission-sur-linclusion-de-la-communaute-fransaskoise.png?resize=791%2C1024&amp;ssl=1 791w, https:\/\/i0.wp.com\/parolefranco.ca\/wp-content\/uploads\/2024\/01\/Commission-sur-linclusion-de-la-communaute-fransaskoise.png?resize=232%2C300&amp;ssl=1 232w, https:\/\/i0.wp.com\/parolefranco.ca\/wp-content\/uploads\/2024\/01\/Commission-sur-linclusion-de-la-communaute-fransaskoise.png?resize=768%2C994&amp;ssl=1 768w, https:\/\/i0.wp.com\/parolefranco.ca\/wp-content\/uploads\/2024\/01\/Commission-sur-linclusion-de-la-communaute-fransaskoise.png?resize=1187%2C1536&amp;ssl=1 1187w, https:\/\/i0.wp.com\/parolefranco.ca\/wp-content\/uploads\/2024\/01\/Commission-sur-linclusion-de-la-communaute-fransaskoise.png?resize=9%2C12&amp;ssl=1 9w, https:\/\/i0.wp.com\/parolefranco.ca\/wp-content\/uploads\/2024\/01\/Commission-sur-linclusion-de-la-communaute-fransaskoise.png?resize=1200%2C1553&amp;ssl=1 1200w, https:\/\/i0.wp.com\/parolefranco.ca\/wp-content\/uploads\/2024\/01\/Commission-sur-linclusion-de-la-communaute-fransaskoise.png?w=1545&amp;ssl=1 1545w\" sizes=\"auto, (max-width: 791px) 100vw, 791px\" \/><\/a><figcaption class=\"wp-element-caption\">Defining the Community, 2008<\/figcaption><\/figure>\n<\/div>\n\n\n\n<div class=\"wp-block-column is-layout-flow wp-block-column-is-layout-flow\">\n<figure class=\"wp-block-image size-large\"><a href=\"https:\/\/parolefranco.ca\/en\/2020-2\/\"><img data-recalc-dims=\"1\" loading=\"lazy\" decoding=\"async\" width=\"791\" height=\"1024\" data-attachment-id=\"1977\" data-permalink=\"https:\/\/parolefranco.ca\/en\/1983-2022\/sauvons-st-jean\/\" data-orig-file=\"https:\/\/i0.wp.com\/parolefranco.ca\/wp-content\/uploads\/2024\/02\/Sauvons-St-Jean.png?fit=1545%2C2000&amp;ssl=1\" data-orig-size=\"1545,2000\" data-comments-opened=\"1\" data-image-meta=\"{&quot;aperture&quot;:&quot;0&quot;,&quot;credit&quot;:&quot;&quot;,&quot;camera&quot;:&quot;&quot;,&quot;caption&quot;:&quot;&quot;,&quot;created_timestamp&quot;:&quot;0&quot;,&quot;copyright&quot;:&quot;&quot;,&quot;focal_length&quot;:&quot;0&quot;,&quot;iso&quot;:&quot;0&quot;,&quot;shutter_speed&quot;:&quot;0&quot;,&quot;title&quot;:&quot;&quot;,&quot;orientation&quot;:&quot;0&quot;}\" data-image-title=\"Sauvons-St-Jean\" data-image-description=\"\" data-image-caption=\"\" data-large-file=\"https:\/\/i0.wp.com\/parolefranco.ca\/wp-content\/uploads\/2024\/02\/Sauvons-St-Jean.png?fit=791%2C1024&amp;ssl=1\" src=\"https:\/\/i0.wp.com\/parolefranco.ca\/wp-content\/uploads\/2024\/02\/Sauvons-St-Jean.png?resize=791%2C1024&#038;ssl=1\" alt=\"\" class=\"wp-image-1977\" srcset=\"https:\/\/i0.wp.com\/parolefranco.ca\/wp-content\/uploads\/2024\/02\/Sauvons-St-Jean.png?resize=791%2C1024&amp;ssl=1 791w, https:\/\/i0.wp.com\/parolefranco.ca\/wp-content\/uploads\/2024\/02\/Sauvons-St-Jean.png?resize=232%2C300&amp;ssl=1 232w, https:\/\/i0.wp.com\/parolefranco.ca\/wp-content\/uploads\/2024\/02\/Sauvons-St-Jean.png?resize=768%2C994&amp;ssl=1 768w, https:\/\/i0.wp.com\/parolefranco.ca\/wp-content\/uploads\/2024\/02\/Sauvons-St-Jean.png?resize=1187%2C1536&amp;ssl=1 1187w, https:\/\/i0.wp.com\/parolefranco.ca\/wp-content\/uploads\/2024\/02\/Sauvons-St-Jean.png?resize=9%2C12&amp;ssl=1 9w, https:\/\/i0.wp.com\/parolefranco.ca\/wp-content\/uploads\/2024\/02\/Sauvons-St-Jean.png?resize=1200%2C1553&amp;ssl=1 1200w, https:\/\/i0.wp.com\/parolefranco.ca\/wp-content\/uploads\/2024\/02\/Sauvons-St-Jean.png?w=1545&amp;ssl=1 1545w\" sizes=\"auto, (max-width: 791px) 100vw, 791px\" \/><\/a><figcaption class=\"wp-element-caption\">Post-Secondary Education and Neoliberal Policies, 2020<\/figcaption><\/figure>\n<\/div>\n<\/div>\n<\/div>\n<\/div>\n<\/div>\n<\/div>","protected":false},"excerpt":{"rendered":"<p>Les d\u00e9fis du moment, comme l\u2019int\u00e9gration des communaut\u00e9s immigrantes et la transmission de la langue fran\u00e7aise aux g\u00e9n\u00e9rations montantes, stimulent une nouvelle prise de parole. Les communaut\u00e9s cr\u00e9ent des espaces francophones plus inclusifs et se projettent \u00e0 l\u2019\u00e9chelle mondiale. Elles se mobilisent aussi lorsque leurs institutions sont menac\u00e9es par des d\u00e9cisions gouvernementales et investissent plus [&hellip;]<\/p>\n","protected":false},"author":60472210,"featured_media":0,"parent":0,"menu_order":0,"comment_status":"closed","ping_status":"closed","template":"","meta":{"_crdt_document":"","advanced_seo_description":"","jetpack_seo_html_title":"","jetpack_seo_noindex":false,"footnotes":""},"class_list":["post-358","page","type-page","status-publish","hentry"],"jetpack_likes_enabled":true,"jetpack_sharing_enabled":true,"jetpack_shortlink":"https:\/\/wp.me\/Pfdu74-5M","_links":{"self":[{"href":"https:\/\/parolefranco.ca\/en\/wp-json\/wp\/v2\/pages\/358","targetHints":{"allow":["GET"]}}],"collection":[{"href":"https:\/\/parolefranco.ca\/en\/wp-json\/wp\/v2\/pages"}],"about":[{"href":"https:\/\/parolefranco.ca\/en\/wp-json\/wp\/v2\/types\/page"}],"author":[{"embeddable":true,"href":"https:\/\/parolefranco.ca\/en\/wp-json\/wp\/v2\/users\/60472210"}],"replies":[{"embeddable":true,"href":"https:\/\/parolefranco.ca\/en\/wp-json\/wp\/v2\/comments?post=358"}],"version-history":[{"count":53,"href":"https:\/\/parolefranco.ca\/en\/wp-json\/wp\/v2\/pages\/358\/revisions"}],"predecessor-version":[{"id":2228,"href":"https:\/\/parolefranco.ca\/en\/wp-json\/wp\/v2\/pages\/358\/revisions\/2228"}],"wp:attachment":[{"href":"https:\/\/parolefranco.ca\/en\/wp-json\/wp\/v2\/media?parent=358"}],"curies":[{"name":"wp","href":"https:\/\/api.w.org\/{rel}","templated":true}]}}