{"id":399,"date":"2023-11-23T15:54:27","date_gmt":"2023-11-23T20:54:27","guid":{"rendered":"https:\/\/parolefranco.ca\/?page_id=399"},"modified":"2024-03-19T12:19:40","modified_gmt":"2024-03-19T16:19:40","slug":"1915-2","status":"publish","type":"page","link":"https:\/\/parolefranco.ca\/en\/1915-2\/","title":{"rendered":"1910"},"content":{"rendered":"<div class=\"wp-block-group alignfull has-border-color is-vertical is-content-justification-center is-nowrap is-layout-flex wp-container-core-group-is-layout-96eab88b wp-block-group-is-layout-flex\" style=\"border-color:#a6f5b0;border-width:65px;border-radius:0px;margin-top:0px;margin-bottom:0px\">\n<h2 class=\"wp-block-heading has-text-align-center has-foreground-color has-text-color has-link-color wp-elements-955bc8168d728698f88013f32f2a0377\">The Migration of the French-Canadian Diaspora from the United States to Alberta<\/h2>\n\n\n\n<div class=\"wp-block-group alignfull is-nowrap is-layout-flex wp-container-core-group-is-layout-c6654480 wp-block-group-is-layout-flex\" style=\"padding-top:var(--wp--preset--spacing--80);padding-right:var(--wp--preset--spacing--50);padding-bottom:var(--wp--preset--spacing--80);padding-left:var(--wp--preset--spacing--50)\">\n<div class=\"wp-block-columns alignwide is-layout-flex wp-container-core-columns-is-layout-f56f613f wp-block-columns-is-layout-flex\">\n<div class=\"wp-block-column is-layout-flow wp-block-column-is-layout-flow\">\n<figure data-wp-context=\"{&quot;imageId&quot;:&quot;69ef65b2611cf&quot;}\" data-wp-interactive=\"core\/image\" data-wp-key=\"69ef65b2611cf\" class=\"wp-block-image aligncenter size-full is-resized has-custom-border wp-lightbox-container\"><img data-recalc-dims=\"1\" loading=\"lazy\" decoding=\"async\" width=\"1414\" height=\"1842\" data-attachment-id=\"302\" data-permalink=\"https:\/\/parolefranco.ca\/en\/1867-1927\/screenshot-2023-11-23-at-12-31-14-pm\/\" data-orig-file=\"https:\/\/i0.wp.com\/parolefranco.ca\/wp-content\/uploads\/2023\/11\/screenshot-2023-11-23-at-12.31.14-pm.png?fit=1414%2C1842&amp;ssl=1\" data-orig-size=\"1414,1842\" data-comments-opened=\"1\" data-image-meta=\"{&quot;aperture&quot;:&quot;0&quot;,&quot;credit&quot;:&quot;&quot;,&quot;camera&quot;:&quot;&quot;,&quot;caption&quot;:&quot;&quot;,&quot;created_timestamp&quot;:&quot;0&quot;,&quot;copyright&quot;:&quot;&quot;,&quot;focal_length&quot;:&quot;0&quot;,&quot;iso&quot;:&quot;0&quot;,&quot;shutter_speed&quot;:&quot;0&quot;,&quot;title&quot;:&quot;&quot;,&quot;orientation&quot;:&quot;0&quot;}\" data-image-title=\"Screenshot 2023-11-23 at 12.31.14 PM\" data-image-description=\"\" data-image-caption=\"\" data-large-file=\"https:\/\/i0.wp.com\/parolefranco.ca\/wp-content\/uploads\/2023\/11\/screenshot-2023-11-23-at-12.31.14-pm.png?fit=786%2C1024&amp;ssl=1\" data-wp-class--hide=\"state.isContentHidden\" data-wp-class--show=\"state.isContentVisible\" data-wp-init=\"callbacks.setButtonStyles\" data-wp-on--click=\"actions.showLightbox\" data-wp-on--load=\"callbacks.setButtonStyles\" data-wp-on--pointerdown=\"actions.preloadImage\" data-wp-on--pointerenter=\"actions.preloadImageWithDelay\" data-wp-on--pointerleave=\"actions.cancelPreload\" data-wp-on-window--resize=\"callbacks.setButtonStyles\" src=\"https:\/\/i0.wp.com\/parolefranco.ca\/wp-content\/uploads\/2023\/11\/screenshot-2023-11-23-at-12.31.14-pm.png?resize=1414%2C1842&#038;ssl=1\" alt=\"\" class=\"wp-image-302\" style=\"border-width:1px;object-fit:cover;width:719px;height:auto\"\/><button\n\t\t\tclass=\"lightbox-trigger\"\n\t\t\ttype=\"button\"\n\t\t\taria-haspopup=\"dialog\"\n\t\t\tdata-wp-bind--aria-label=\"state.thisImage.triggerButtonAriaLabel\"\n\t\t\tdata-wp-init=\"callbacks.initTriggerButton\"\n\t\t\tdata-wp-on--click=\"actions.showLightbox\"\n\t\t\tdata-wp-style--right=\"state.thisImage.buttonRight\"\n\t\t\tdata-wp-style--top=\"state.thisImage.buttonTop\"\n\t\t>\n\t\t\t<svg xmlns=\"http:\/\/www.w3.org\/2000\/svg\" width=\"12\" height=\"12\" fill=\"none\" viewbox=\"0 0 12 12\">\n\t\t\t\t<path fill=\"#fff\" d=\"M2 0a2 2 0 0 0-2 2v2h1.5V2a.5.5 0 0 1 .5-.5h2V0H2Zm2 10.5H2a.5.5 0 0 1-.5-.5V8H0v2a2 2 0 0 0 2 2h2v-1.5ZM8 12v-1.5h2a.5.5 0 0 0 .5-.5V8H12v2a2 2 0 0 1-2 2H8Zm2-12a2 2 0 0 1 2 2v2h-1.5V2a.5.5 0 0 0-.5-.5H8V0h2Z\" \/>\n\t\t\t<\/svg>\n\t\t<\/button><\/figure>\n<\/div>\n<\/div>\n\n\n\n<div class=\"wp-block-columns alignwide is-layout-flex wp-container-core-columns-is-layout-f56f613f wp-block-columns-is-layout-flex\">\n<div class=\"wp-block-column is-layout-flow wp-block-column-is-layout-flow\"><\/div>\n<\/div>\n<\/div>\n\n\n\n<div class=\"wp-block-columns is-layout-flex wp-container-core-columns-is-layout-f56f613f wp-block-columns-is-layout-flex\">\n<div class=\"wp-block-column is-layout-flow wp-block-column-is-layout-flow\" style=\"padding-top:0;padding-right:0;padding-bottom:0;padding-left:0;flex-basis:60%\">\n<p class=\"wp-block-paragraph\" style=\"font-size:20px\">These are the words of a song composed by Mathilda Plamondon, matriarch of the family that in 1908 founded the village of Plamondon in northeastern Alberta. Although light-hearted and even a little humorous, this song is a testimonial that allows us to imagine certain aspects of life in these new communities.<br><br>The story of this family \u2013 and, by extension, of this village \u2013 was linked to the remarkable mobility of French Canadians from the 1850s to the 1920s. During this period, over a million of them left the St. Lawrence Valley to earn a better living, forming a diaspora of continental proportions. Everywhere \u2013 from the industrial cities of New England to the settlements of Western Canada, from the farming villages of the American Midwest to the railroads of Northern Ontario \u2013 these migrants brought with them their language, culture, and traditions.<br><br>Some families even moved several times over several generations. Such was the case for Mathilda\u2019s husband Joseph. In 1867, while a young child, he left Quebec for Michigan with his parents. As an adult, he managed to lead a fairly comfortable life in Michigan: he had a large farm, where he raised a family of nine children, all of whom attended a Catholic school, of which he was one of the trustees.<br><br>However, at the turn of the 20th<sup>.<\/sup>&nbsp;century, faced with repeated invitations from the Canadian government, the Catholic clergy, and the colonization companies, who were recruiting Franco-Americans to populate the Canadian West, the man affectionately known as \u201cFather Joe\u201d couldn\u2019t resist the call. In 1908, at the age of 47, he and his family moved nearly 3,000 kilometres to create a village where they could \u201cperpetuate the French-Canadian language and culture\u201d (Cadrin and Dub\u00e9, p. 96). The Plamondons and their neighbours succeeded, notably by allying themselves with the local M\u00e9tis community and welcoming new French-speaking migrants from Eastern Europe.<br><br>Joseph had won his bet, but as the song says, it would not be without leaving his two eldest daughters in Michigan... nor without giving his wife a taste for travel.<\/p>\n\n\n\n<div style=\"height:30px\" aria-hidden=\"true\" class=\"wp-block-spacer\"><\/div>\n\n\n\n<figure class=\"wp-block-image aligncenter size-large is-resized\"><img data-recalc-dims=\"1\" loading=\"lazy\" decoding=\"async\" width=\"2048\" height=\"703\" data-attachment-id=\"97\" data-permalink=\"https:\/\/parolefranco.ca\/en\/lilly-footer\/\" data-orig-file=\"https:\/\/i0.wp.com\/parolefranco.ca\/wp-content\/uploads\/2023\/10\/lilly-footer.png?fit=2048%2C703&amp;ssl=1\" data-orig-size=\"2048,703\" data-comments-opened=\"1\" data-image-meta=\"{&quot;aperture&quot;:&quot;0&quot;,&quot;credit&quot;:&quot;&quot;,&quot;camera&quot;:&quot;&quot;,&quot;caption&quot;:&quot;&quot;,&quot;created_timestamp&quot;:&quot;0&quot;,&quot;copyright&quot;:&quot;&quot;,&quot;focal_length&quot;:&quot;0&quot;,&quot;iso&quot;:&quot;0&quot;,&quot;shutter_speed&quot;:&quot;0&quot;,&quot;title&quot;:&quot;&quot;,&quot;orientation&quot;:&quot;0&quot;}\" data-image-title=\"lilly-footer\" data-image-description=\"\" data-image-caption=\"\" data-large-file=\"https:\/\/i0.wp.com\/parolefranco.ca\/wp-content\/uploads\/2023\/10\/lilly-footer.png?fit=1024%2C352&amp;ssl=1\" src=\"https:\/\/i0.wp.com\/parolefranco.ca\/wp-content\/uploads\/2023\/10\/lilly-footer.png?resize=2048%2C703&#038;ssl=1\" alt=\"\" class=\"wp-image-97\" style=\"width:280px;height:auto\"\/><\/figure>\n<\/div>\n\n\n\n<div class=\"wp-block-column has-background-color has-primary-background-color has-text-color has-background has-link-color wp-elements-32c5a9beda93399185de79d1d8bead04 is-layout-flow wp-block-column-is-layout-flow\" style=\"padding-top:var(--wp--preset--spacing--60);padding-right:var(--wp--preset--spacing--50);padding-bottom:var(--wp--preset--spacing--60);padding-left:var(--wp--preset--spacing--50);flex-basis:40%\">\n<p class=\"has-small-font-size wp-block-paragraph\"><strong>Title of the document :<\/strong> \u00ab&nbsp;J\u2019aime mieux les \u00c9tats que l\u2019Alberta&nbsp;\u00bb (paroles de chanson)<br><br><strong>Date&nbsp;: <\/strong>unknown (probably during the 1910s, received in 1981)<br><br><strong>Source&nbsp;:<\/strong> Soci\u00e9t\u00e9 historique francophone de l\u2019Alberta<\/p>\n\n\n\n<p class=\"has-small-font-size wp-block-paragraph\"><strong>To learn more about this topic:<\/strong><\/p>\n\n\n\n<p class=\"has-small-font-size wp-block-paragraph\">Online<\/p>\n\n\n\n<p class=\"has-small-font-size wp-block-paragraph\"><span style=\"text-decoration: underline;\"><a href=\"https:\/\/ici.radio-canada.ca\/ohdio\/premiere\/emissions\/aujourd-hui-l-histoire\/segments\/entrevue\/90730\/exode-canadiens-francais-etats-unis-19e-siecle-jean-lamarre\" target=\"_blank\" rel=\"noreferrer noopener\">\u00ab\u00a0L\u2019exode des Canadiens fran\u00e7ais aux \u00c9tats-Unis entre 1840 et 1930\u00a0\u00bb, <em>Aujourd\u2019hui l\u2019histoire<\/em>, Radio-Canada Ohdio.<\/a><\/span><br><br><span style=\"text-decoration: underline;\"><a href=\"https:\/\/webouest.ca\/genealogie-famille-plamondon-ouest-canadien-martine-bordeleau\/\" target=\"_blank\" rel=\"noreferrer noopener\">Bordeleau, Martine. \u00ab\u00a0Les Plamondon dans l\u2019Ouest. Le nom de famille, tout un h\u00e9ritage!\u00a0\u00bb, <em>WebOuest<\/em>, 8\u00a0octobre 2022.<\/a><\/span><br><br><a href=\"https:\/\/l-express.ca\/plamondon-le-tout-petit-village-albertain-qui-voit-grand\/\"><span style=\"text-decoration: underline;\">Poirier, Marc, \u00ab Plamondon, le tout petit village albertain qui voit grand \u00bb, <em>L-express<\/em>, 3 mars 2024<\/span><\/a><br><br><span style=\"text-decoration: underline;\"><a href=\"https:\/\/sites.google.com\/site\/denny647\/Home\/my-ancestors\/belanger-branch\/plamondon-branch\" target=\"_blank\" rel=\"noreferrer noopener\">Mellott, Denny. \u00ab\u00a0Plamondon Branch\u00a0\u00bb, <em>A link to the past<\/em>.<\/a><\/span><br><br><span style=\"text-decoration: underline;\"><a href=\"https:\/\/www.thecanadianencyclopedia.ca\/fr\/article\/canadiens-francais-dans-louest\" target=\"_blank\" rel=\"noreferrer noopener\">Motut, Roger, et Kenneth Munro. \u00ab\u00a0Canadiens fran\u00e7ais dans l\u2019Ouest\u00a0\u00bb, <em>The Canadian Encyclopedia<\/em>.<\/a><\/span><br><br><span style=\"text-decoration: underline;\"><a href=\"https:\/\/www.thecanadianencyclopedia.ca\/fr\/article\/franco-americains\" target=\"_blank\" rel=\"noreferrer noopener\">Vermette, David. \u00ab\u00a0Franco-Am\u00e9ricains\u00a0\u00bb, <em>The Canadian Encyclopedia<\/em>.<\/a><\/span><\/p>\n\n\n\n<p class=\"has-small-font-size wp-block-paragraph\">Printed sources<\/p>\n\n\n\n<p class=\"has-small-font-size wp-block-paragraph\">Cadrin, Gilles, et Paul Dub\u00e9. \u00ab Traditions orales de Plamondon, un village franco-albertain \u00bb, <em>Francophonies d\u2019Am\u00e9rique<\/em>, n<sup>o<\/sup>&nbsp;2 (1995), p.&nbsp;93-106.<\/p>\n\n\n\n<p class=\"has-small-font-size wp-block-paragraph\"><span style=\"text-decoration: underline;\"><a href=\"https:\/\/atlas.cieq.ca\/la-francophonie-nord-americaine\/le-contexte-de-fondation-des-communautes-de-la-diaspora-canadienne-francaise.pdf\" target=\"_blank\" rel=\"noreferrer noopener\">Frenette, Yves, et Jean Lamarre. \u00ab Le contexte de fondation des communaut\u00e9s de la diaspora canadienne-fran\u00e7aise \u00bb, dans Yves Frenette, \u00c9tienne Rivard et Marc St-Hilaire (dir.), <em>La francophonie nord-am\u00e9ricaine<\/em>, Qu\u00e9bec, Presses de l\u2019Universit\u00e9 Laval, 2013, coll. \u00ab&nbsp;Atlas historique du Qu\u00e9bec \u00bb.<\/a><\/span><\/p>\n\n\n\n<p class=\"has-small-font-size wp-block-paragraph\">Frenette, Yves, Marcel Martel and John Willis (eds.). <em>Envoyer et recevoir. Lettres et correspondances dans les diasporas francophones<\/em>, (Qu\u00e9bec: Presses de l\u2019Universit\u00e9 Laval, 2006).<\/p>\n\n\n\n<p class=\"has-small-font-size wp-block-paragraph\">Lalonde, A.-N. \u00ab&nbsp;L\u2019intelligentsia du Qu\u00e9bec et la migration des Canadiens fran\u00e7ais vers l\u2019Ouest canadien, 1870-1930&nbsp;\u00bb, <em>Revue d\u2019histoire de l\u2019Am\u00e9rique fran\u00e7aise<\/em>, volume 33, num\u00e9ro 2, septembre 1979, p. 163-185.<\/p>\n\n\n\n<p class=\"has-small-font-size wp-block-paragraph\">Mimeault, Mario. <em>L\u2019exode qu\u00e9b\u00e9cois, 1852-1925. Correspondance d\u2019une famille dispers\u00e9e en Am\u00e9rique<\/em>, Qu\u00e9bec, Septentrion, 2013.<\/p>\n\n\n\n<p class=\"has-small-font-size wp-block-paragraph\">Painchaud, Robert. <em>Un r\u00eave fran\u00e7ais dans le peuplement de la Prairie,<\/em> Saint-Boniface (Man.), \u00c9ditions des Plaines, 1987.<\/p>\n<\/div>\n<\/div>\n\n\n\n<div style=\"height:0px;width:0px\" aria-hidden=\"true\" class=\"wp-block-spacer wp-container-content-f7b87a2a\"><\/div>\n<\/div>\n\n\n\n<div class=\"wp-block-columns is-layout-flex wp-container-core-columns-is-layout-f56f613f wp-block-columns-is-layout-flex\">\n<div class=\"wp-block-column is-layout-flow wp-block-column-is-layout-flow\">\n<div class=\"wp-block-columns is-layout-flex wp-container-core-columns-is-layout-f56f613f wp-block-columns-is-layout-flex\">\n<div class=\"wp-block-column is-layout-flow wp-block-column-is-layout-flow\">\n<div class=\"wp-block-buttons is-layout-flex wp-block-buttons-is-layout-flex\">\n<div class=\"wp-block-button has-custom-width wp-block-button__width-100\"><a class=\"wp-block-button__link has-background wp-element-button\" href=\"https:\/\/parolefranco.ca\/en\/1867-1927\/\" style=\"border-style:none;border-width:0px;border-radius:10px;background-color:#a57d54\">1867-1927<\/a><\/div>\n<\/div>\n<\/div>\n\n\n\n<div class=\"wp-block-column is-layout-flow wp-block-column-is-layout-flow\">\n<div class=\"wp-block-buttons is-layout-flex wp-block-buttons-is-layout-flex\">\n<div class=\"wp-block-button has-custom-width wp-block-button__width-100\"><a class=\"wp-block-button__link has-background wp-element-button\" href=\"https:\/\/parolefranco.ca\/en\/1928-1967\/\" style=\"border-style:none;border-width:0px;border-radius:10px;background-color:#a57d54\">1928-1967<\/a><\/div>\n<\/div>\n<\/div>\n<\/div>\n<\/div>\n\n\n\n<div class=\"wp-block-column is-layout-flow wp-block-column-is-layout-flow\">\n<div class=\"wp-block-columns is-layout-flex wp-container-core-columns-is-layout-f56f613f wp-block-columns-is-layout-flex\">\n<div class=\"wp-block-column is-layout-flow wp-block-column-is-layout-flow\">\n<div class=\"wp-block-buttons is-layout-flex wp-block-buttons-is-layout-flex\">\n<div class=\"wp-block-button has-custom-width wp-block-button__width-100\"><a class=\"wp-block-button__link has-background wp-element-button\" href=\"https:\/\/parolefranco.ca\/en\/1968-1982\/\" style=\"border-style:none;border-width:0px;border-radius:10px;background-color:#a57d54\">1968-1982<\/a><\/div>\n<\/div>\n<\/div>\n\n\n\n<div class=\"wp-block-column is-layout-flow wp-block-column-is-layout-flow\">\n<div class=\"wp-block-buttons is-layout-flex wp-block-buttons-is-layout-flex\">\n<div class=\"wp-block-button has-custom-width wp-block-button__width-100\"><a class=\"wp-block-button__link has-background wp-element-button\" href=\"https:\/\/parolefranco.ca\/en\/1983-2022\/\" style=\"border-style:none;border-width:0px;border-radius:10px;background-color:#a57d54\">1983-2022<\/a><\/div>\n<\/div>\n<\/div>\n<\/div>\n<\/div>\n<\/div>\n\n\n\n<div style=\"height:40px\" aria-hidden=\"true\" class=\"wp-block-spacer\"><\/div>","protected":false},"excerpt":{"rendered":"<p>Une diaspora canadienne-fran\u00e7aise, des \u00c9tats \u00e0 l\u2019Alberta Ce sont les paroles d\u2019une chanson compos\u00e9e par Mathilda Plamondon, matriarche de la famille qui a fond\u00e9 le village de Plamondon, dans le nord-est de l\u2019Alberta, en 1908. Bien que l\u00e9g\u00e8re et m\u00eame un brin humoristique, cette chanson constitue un t\u00e9moignage qui permet d\u2019imaginer certains aspects de la [&hellip;]<\/p>\n","protected":false},"author":60472210,"featured_media":0,"parent":0,"menu_order":0,"comment_status":"closed","ping_status":"closed","template":"","meta":{"_crdt_document":"","advanced_seo_description":"","jetpack_seo_html_title":"","jetpack_seo_noindex":false,"footnotes":""},"class_list":["post-399","page","type-page","status-publish","hentry"],"jetpack_likes_enabled":true,"jetpack_sharing_enabled":true,"jetpack_shortlink":"https:\/\/wp.me\/Pfdu74-6r","_links":{"self":[{"href":"https:\/\/parolefranco.ca\/en\/wp-json\/wp\/v2\/pages\/399","targetHints":{"allow":["GET"]}}],"collection":[{"href":"https:\/\/parolefranco.ca\/en\/wp-json\/wp\/v2\/pages"}],"about":[{"href":"https:\/\/parolefranco.ca\/en\/wp-json\/wp\/v2\/types\/page"}],"author":[{"embeddable":true,"href":"https:\/\/parolefranco.ca\/en\/wp-json\/wp\/v2\/users\/60472210"}],"replies":[{"embeddable":true,"href":"https:\/\/parolefranco.ca\/en\/wp-json\/wp\/v2\/comments?post=399"}],"version-history":[{"count":17,"href":"https:\/\/parolefranco.ca\/en\/wp-json\/wp\/v2\/pages\/399\/revisions"}],"predecessor-version":[{"id":2321,"href":"https:\/\/parolefranco.ca\/en\/wp-json\/wp\/v2\/pages\/399\/revisions\/2321"}],"wp:attachment":[{"href":"https:\/\/parolefranco.ca\/en\/wp-json\/wp\/v2\/media?parent=399"}],"curies":[{"name":"wp","href":"https:\/\/api.w.org\/{rel}","templated":true}]}}