{"id":440,"date":"2023-11-23T16:51:20","date_gmt":"2023-11-23T21:51:20","guid":{"rendered":"https:\/\/parolefranco.ca\/?page_id=440"},"modified":"2024-02-28T18:23:40","modified_gmt":"2024-02-28T23:23:40","slug":"14-juin-1963","status":"publish","type":"page","link":"https:\/\/parolefranco.ca\/en\/14-juin-1963\/","title":{"rendered":"June 14, 1963"},"content":{"rendered":"<div class=\"wp-block-group alignfull has-border-color is-vertical is-content-justification-center is-nowrap is-layout-flex wp-container-core-group-is-layout-96eab88b wp-block-group-is-layout-flex\" style=\"border-color:#a6f5b0;border-width:65px;border-radius:0px;margin-top:0px;margin-bottom:0px\">\n<h2 class=\"wp-block-heading has-text-align-center has-foreground-color has-text-color has-link-color wp-elements-c274b426e0f4300f53fb58ca4d75d9b4\">Francophone Minority Communities in the Era of Constitutional Negotiations<\/h2>\n\n\n\n<div class=\"wp-block-group alignfull is-nowrap is-layout-flex wp-container-core-group-is-layout-c6654480 wp-block-group-is-layout-flex\" style=\"padding-top:var(--wp--preset--spacing--80);padding-right:var(--wp--preset--spacing--50);padding-bottom:var(--wp--preset--spacing--80);padding-left:var(--wp--preset--spacing--50)\">\n<div class=\"wp-block-columns alignwide is-layout-flex wp-container-core-columns-is-layout-f56f613f wp-block-columns-is-layout-flex\">\n<div class=\"wp-block-column is-layout-flow wp-block-column-is-layout-flow\">\n<figure data-wp-context=\"{&quot;imageId&quot;:&quot;69f5f1b5098b3&quot;}\" data-wp-interactive=\"core\/image\" data-wp-key=\"69f5f1b5098b3\" class=\"wp-block-image aligncenter size-full is-resized has-custom-border wp-lightbox-container\"><img data-recalc-dims=\"1\" loading=\"lazy\" decoding=\"async\" width=\"2529\" height=\"3219\" data-attachment-id=\"313\" data-permalink=\"https:\/\/parolefranco.ca\/en\/1928-1967\/c2_332_2\/\" data-orig-file=\"https:\/\/i0.wp.com\/parolefranco.ca\/wp-content\/uploads\/2023\/11\/c2_332_2.jpg?fit=2529%2C3219&amp;ssl=1\" data-orig-size=\"2529,3219\" data-comments-opened=\"1\" data-image-meta=\"{&quot;aperture&quot;:&quot;0&quot;,&quot;credit&quot;:&quot;&quot;,&quot;camera&quot;:&quot;&quot;,&quot;caption&quot;:&quot;&quot;,&quot;created_timestamp&quot;:&quot;0&quot;,&quot;copyright&quot;:&quot;&quot;,&quot;focal_length&quot;:&quot;0&quot;,&quot;iso&quot;:&quot;0&quot;,&quot;shutter_speed&quot;:&quot;0&quot;,&quot;title&quot;:&quot;&quot;,&quot;orientation&quot;:&quot;0&quot;}\" data-image-title=\"C2_332_2\" data-image-description=\"\" data-image-caption=\"\" data-large-file=\"https:\/\/i0.wp.com\/parolefranco.ca\/wp-content\/uploads\/2023\/11\/c2_332_2.jpg?fit=805%2C1024&amp;ssl=1\" data-wp-class--hide=\"state.isContentHidden\" data-wp-class--show=\"state.isContentVisible\" data-wp-init=\"callbacks.setButtonStyles\" data-wp-on--click=\"actions.showLightbox\" data-wp-on--load=\"callbacks.setButtonStyles\" data-wp-on--pointerdown=\"actions.preloadImage\" data-wp-on--pointerenter=\"actions.preloadImageWithDelay\" data-wp-on--pointerleave=\"actions.cancelPreload\" data-wp-on-window--resize=\"callbacks.setButtonStyles\" src=\"https:\/\/i0.wp.com\/parolefranco.ca\/wp-content\/uploads\/2023\/11\/c2_332_2.jpg?resize=2529%2C3219&#038;ssl=1\" alt=\"\" class=\"wp-image-313\" style=\"border-width:1px;object-fit:cover;width:719px;height:auto\"\/><button\n\t\t\tclass=\"lightbox-trigger\"\n\t\t\ttype=\"button\"\n\t\t\taria-haspopup=\"dialog\"\n\t\t\tdata-wp-bind--aria-label=\"state.thisImage.triggerButtonAriaLabel\"\n\t\t\tdata-wp-init=\"callbacks.initTriggerButton\"\n\t\t\tdata-wp-on--click=\"actions.showLightbox\"\n\t\t\tdata-wp-style--right=\"state.thisImage.buttonRight\"\n\t\t\tdata-wp-style--top=\"state.thisImage.buttonTop\"\n\t\t>\n\t\t\t<svg xmlns=\"http:\/\/www.w3.org\/2000\/svg\" width=\"12\" height=\"12\" fill=\"none\" viewbox=\"0 0 12 12\">\n\t\t\t\t<path fill=\"#fff\" d=\"M2 0a2 2 0 0 0-2 2v2h1.5V2a.5.5 0 0 1 .5-.5h2V0H2Zm2 10.5H2a.5.5 0 0 1-.5-.5V8H0v2a2 2 0 0 0 2 2h2v-1.5ZM8 12v-1.5h2a.5.5 0 0 0 .5-.5V8H12v2a2 2 0 0 1-2 2H8Zm2-12a2 2 0 0 1 2 2v2h-1.5V2a.5.5 0 0 0-.5-.5H8V0h2Z\" \/>\n\t\t\t<\/svg>\n\t\t<\/button><\/figure>\n<\/div>\n<\/div>\n\n\n\n<div class=\"wp-block-columns alignwide is-layout-flex wp-container-core-columns-is-layout-f56f613f wp-block-columns-is-layout-flex\">\n<div class=\"wp-block-column is-layout-flow wp-block-column-is-layout-flow\"><\/div>\n<\/div>\n<\/div>\n\n\n\n<div class=\"wp-block-columns is-layout-flex wp-container-core-columns-is-layout-f56f613f wp-block-columns-is-layout-flex\">\n<div class=\"wp-block-column is-layout-flow wp-block-column-is-layout-flow\" style=\"padding-right:0;padding-left:0;flex-basis:65%\">\n<p class=\"wp-block-paragraph\" style=\"font-size:20px\">For many, the election of the provincial Liberals led by Jean Lesage in June 1960 marked the beginning of the Quiet Revolution in Quebec. The arrival of <em>l\u2019\u00e9quipe du tonnerre<\/em> (the Thunder Team) injected a new dynamic into constitutional issues.<\/p>\n\n\n\n<p class=\"wp-block-paragraph\" style=\"font-size:20px\">In December 1961, federal Minister of Justice Davie Fulton made public a proposal to \u201cpatriate\u201d the Canadian Constitution, which was still an Act of the British Parliament. Fulton proposed not only bringing the Constitution home, but also the addition of an amending formula. The latter would protect the sections of the Constitution by requiring a prescribed degree of consensus in order to amend them.<br><br>The French-speaking institutional network was outraged by this proposal. Led by the <em>Ordre de Jacques Cartier<\/em>, the <em>Association canadienne-fran\u00e7aise d\u2019\u00e9ducation de l\u2019Ontario<\/em> (ACFEO), the <em>F\u00e9d\u00e9ration des Soci\u00e9t\u00e9s Saint-Jean-Baptiste du Qu\u00e9bec<\/em>, the <em>F\u00e9d\u00e9ration des Soci\u00e9t\u00e9s Saint-Jean-Baptiste de l\u2019Ontario<\/em>, and the <em>Ligue d\u2019Action nationale<\/em> all denounced the lack of recognition of Canada\u2019s duality, the omission of French-language minority rights in education, and the limited increase in French-language services in the public sector. All felt that substantial changes had to be made to guarantee certain gains for French-speaking minority communities. Morever, they believed that a revision of the distribution of powers between the federal government and the provinces was necessary.<br><br>In June 1963, the ACFEO issued a declaration that essentially echoed these ideas. However, it was released in a particular political context. Although the institutional network seemed unanimous, internal dissension erupted in the spring of 1963. The <em>F\u00e9d\u00e9ration des Soci\u00e9t\u00e9s Saint-Jean-Baptiste du Qu\u00e9bec<\/em> and the <em>Ligue d\u2019Action nationale<\/em> were in favour of strengthening the Quebec provincial state, while organizations outside Quebec, such as ACFEO, wanted to promote the traditional constitutional demands of French Canada.<br><br>The document bears witness to the mobilization of the institutional network at a time when constitutional issues were becoming central to the political landscape. On the eve of the Royal Commission on Bilingualism and Biculturalism, it also attested to the tensions running through the French-Canadian institutional network. The latter was increasingly divided between two conceptions of French Canada: one cultural and non-territorial; the other defined around Quebec. These tensions came to the fore during the Estates General of French Canada.<\/p>\n\n\n\n<div style=\"height:30px\" aria-hidden=\"true\" class=\"wp-block-spacer\"><\/div>\n\n\n\n<figure class=\"wp-block-image aligncenter size-large is-resized\"><img data-recalc-dims=\"1\" loading=\"lazy\" decoding=\"async\" width=\"2048\" height=\"703\" data-attachment-id=\"97\" data-permalink=\"https:\/\/parolefranco.ca\/en\/lilly-footer\/\" data-orig-file=\"https:\/\/i0.wp.com\/parolefranco.ca\/wp-content\/uploads\/2023\/10\/lilly-footer.png?fit=2048%2C703&amp;ssl=1\" data-orig-size=\"2048,703\" data-comments-opened=\"1\" data-image-meta=\"{&quot;aperture&quot;:&quot;0&quot;,&quot;credit&quot;:&quot;&quot;,&quot;camera&quot;:&quot;&quot;,&quot;caption&quot;:&quot;&quot;,&quot;created_timestamp&quot;:&quot;0&quot;,&quot;copyright&quot;:&quot;&quot;,&quot;focal_length&quot;:&quot;0&quot;,&quot;iso&quot;:&quot;0&quot;,&quot;shutter_speed&quot;:&quot;0&quot;,&quot;title&quot;:&quot;&quot;,&quot;orientation&quot;:&quot;0&quot;}\" data-image-title=\"lilly-footer\" data-image-description=\"\" data-image-caption=\"\" data-large-file=\"https:\/\/i0.wp.com\/parolefranco.ca\/wp-content\/uploads\/2023\/10\/lilly-footer.png?fit=1024%2C352&amp;ssl=1\" src=\"https:\/\/i0.wp.com\/parolefranco.ca\/wp-content\/uploads\/2023\/10\/lilly-footer.png?resize=2048%2C703&#038;ssl=1\" alt=\"\" class=\"wp-image-97\" style=\"width:239px;height:auto\"\/><\/figure>\n<\/div>\n\n\n\n<div class=\"wp-block-column has-background-color has-primary-background-color has-text-color has-background has-link-color wp-elements-5cc73d186b4f2af5eb0873408cb21efa is-layout-flow wp-block-column-is-layout-flow\" style=\"padding-top:var(--wp--preset--spacing--60);padding-right:var(--wp--preset--spacing--50);padding-bottom:var(--wp--preset--spacing--60);padding-left:var(--wp--preset--spacing--50);flex-basis:35%\">\n<p class=\"has-small-font-size wp-block-paragraph\"><strong>Title of the document : <\/strong>Texte d&rsquo;une d\u00e9claration approuv\u00e9e par le Conseil g\u00e9n\u00e9ral de l\u2019Association d\u2019\u00c9ducation, 1 p.<br><br><strong>Date : <\/strong>June 14, 1963<br><br><strong>Reference : <\/strong>University of Ottawa, Centre de recherche sur les francophonies canadiennes (CRCCF), Fonds Association canadienne-fran\u00e7aise de l\u2019Ontario (ACFO), C2\/332\/2.<\/p>\n\n\n\n<p class=\"has-small-font-size wp-block-paragraph\"><strong>To learn more about this topic:<\/strong><\/p>\n\n\n\n<p class=\"has-small-font-size wp-block-paragraph\">Online<\/p>\n\n\n\n<p class=\"has-small-font-size wp-block-paragraph\"><span style=\"text-decoration: underline\"><a href=\"https:\/\/perspective.usherbrooke.ca\/bilan\/quebec\/evenements\/1624\" target=\"_blank\" rel=\"noreferrer noopener\">\u00ab&nbsp;Accord de principe sur une proc\u00e9dure d\u2019amendement \u00e0 la Constitution&nbsp;\u00bb, 14&nbsp;octobre&nbsp;1964, <em>Bilan Qu\u00e9bec<\/em>.<\/a><\/span><\/p>\n\n\n\n<p class=\"has-small-font-size wp-block-paragraph\">Printed sources<\/p>\n\n\n\n<p class=\"has-small-font-size wp-block-paragraph\">Angers, Fran\u00e7ois-Albert. \u00ab\u2009Rapatriement ou d\u00e9paysement\u2009?\u2009\u00bb, <em>L\u2019Action nationale<\/em>, vol. 51, n<sup>o<\/sup>&nbsp;6 (f\u00e9vrier 1962), p.&nbsp;463.<\/p>\n\n\n\n<p class=\"has-small-font-size wp-block-paragraph\">Bock, Michel, et Yves Frenette, (dir).<em> R\u00e9sistances, mobilisations et contestations : L\u2019Association canadienne-fran\u00e7aise de l\u2019Ontario (1910-2006)<\/em>, Ottawa, Presses de l\u2019Universit\u00e9 d\u2019Ottawa, 2019.<\/p>\n\n\n\n<p class=\"has-small-font-size wp-block-paragraph\"><span style=\"text-decoration: underline\"><a href=\"http:\/\/classiques.uqac.ca\/contemporains\/gagnon_alain_g\/dossier_constitutionnel\/dossier_constitutionnel_texte.html\" target=\"_blank\" rel=\"noreferrer noopener\">Gagnon, Alain-G. \u00ab Le dossier constitutionnel Qu\u00e9bec-Canada <em>\u00bb, <\/em>dans Alain-G. Gagnon&nbsp; (dir.), <em>Qu\u00e9bec : \u00c9tat et soci\u00e9t\u00e9, <\/em>tome II, Montr\u00e9al, Qu\u00e9bec\/Am\u00e9rique, 2003, p. 151-174.<\/a><\/span><\/p>\n\n\n\n<p class=\"has-small-font-size wp-block-paragraph\"><span style=\"text-decoration: underline\"><a href=\"https:\/\/atrium.lib.uoguelph.ca\/items\/5cffa447-8281-467b-a9da-6e687430b455\" target=\"_blank\" rel=\"noreferrer noopener\">Gagnon, Marc-Andr\u00e9. <em>\u00ab&nbsp;\u00c0 mon drapeau : je jure d\u2019\u00eatre fid\u00e8le&nbsp;\u00bb : le mouvement des Soci\u00e9t\u00e9s Saint-Jean-Baptiste, 1947-1984<\/em>, th\u00e8se de Ph.&nbsp;D. (histoire), University of Guelph, 2017.<\/a><\/span><\/p>\n\n\n\n<p class=\"has-small-font-size wp-block-paragraph\">\u00ab\u2009La SSJB de Montr\u00e9al s\u2019oppose au projet Fulton\u2009\u00bb, <em>La Libert\u00e9 et le patriote<\/em>, 9 f\u00e9vrier 1962.<\/p>\n\n\n\n<p class=\"has-small-font-size wp-block-paragraph translation-block\">Martel, Marcel. <em>French Canada: An Account of Its Creation and Breakup, 1850-1967<\/em> (Ottawa: \tCanadian Historical Association, 1998).<\/p>\n\n\n\n<p class=\"has-small-font-size wp-block-paragraph\">St-Pierre, St\u00e9phanie. \u00ab M\u00e9moires de l\u2019Acadie et du Canada fran\u00e7ais hors Qu\u00e9bec : les minorit\u00e9s de langue fran\u00e7aise et la commission Laurendeau-Dunton \u00bb, <em>Mens<\/em>, vol. 14-15, n<sup>o<\/sup> 2-1 (printemps-automne 2014), p. 203-249.<\/p>\n<\/div>\n<\/div>\n\n\n\n<div style=\"height:0px;width:0px\" aria-hidden=\"true\" class=\"wp-block-spacer wp-container-content-f7b87a2a\"><\/div>\n<\/div>\n\n\n\n<div class=\"wp-block-columns is-layout-flex wp-container-core-columns-is-layout-f56f613f wp-block-columns-is-layout-flex\">\n<div class=\"wp-block-column is-layout-flow wp-block-column-is-layout-flow\">\n<div class=\"wp-block-columns is-layout-flex wp-container-core-columns-is-layout-f56f613f wp-block-columns-is-layout-flex\">\n<div class=\"wp-block-column is-layout-flow wp-block-column-is-layout-flow\">\n<div class=\"wp-block-buttons is-layout-flex wp-block-buttons-is-layout-flex\">\n<div class=\"wp-block-button has-custom-width wp-block-button__width-100\"><a class=\"wp-block-button__link has-background wp-element-button\" href=\"https:\/\/parolefranco.ca\/en\/1867-1927\/\" style=\"border-radius:10px;background-color:#a57d54\">1867-1927<\/a><\/div>\n<\/div>\n<\/div>\n\n\n\n<div class=\"wp-block-column is-layout-flow wp-block-column-is-layout-flow\">\n<div class=\"wp-block-buttons is-layout-flex wp-block-buttons-is-layout-flex\">\n<div class=\"wp-block-button has-custom-width wp-block-button__width-100\"><a class=\"wp-block-button__link has-background wp-element-button\" href=\"https:\/\/parolefranco.ca\/en\/1928-1967\/\" style=\"border-radius:10px;background-color:#a57d54\">1928-1967<\/a><\/div>\n<\/div>\n<\/div>\n<\/div>\n<\/div>\n\n\n\n<div class=\"wp-block-column is-layout-flow wp-block-column-is-layout-flow\">\n<div class=\"wp-block-columns is-layout-flex wp-container-core-columns-is-layout-f56f613f wp-block-columns-is-layout-flex\">\n<div class=\"wp-block-column is-layout-flow wp-block-column-is-layout-flow\">\n<div class=\"wp-block-buttons is-layout-flex wp-block-buttons-is-layout-flex\">\n<div class=\"wp-block-button has-custom-width wp-block-button__width-100\"><a class=\"wp-block-button__link has-background wp-element-button\" href=\"https:\/\/parolefranco.ca\/en\/1968-1982\/\" style=\"border-radius:10px;background-color:#a57d54\">1968-1982<\/a><\/div>\n<\/div>\n<\/div>\n\n\n\n<div class=\"wp-block-column is-layout-flow wp-block-column-is-layout-flow\">\n<div class=\"wp-block-buttons is-layout-flex wp-block-buttons-is-layout-flex\">\n<div class=\"wp-block-button has-custom-width wp-block-button__width-100\"><a class=\"wp-block-button__link has-background wp-element-button\" href=\"https:\/\/parolefranco.ca\/en\/1983-2022\/\" style=\"border-radius:10px;background-color:#a57d54\">1983-2022<\/a><\/div>\n<\/div>\n<\/div>\n<\/div>\n<\/div>\n<\/div>\n\n\n\n<div style=\"height:40px\" aria-hidden=\"true\" class=\"wp-block-spacer\"><\/div>","protected":false},"excerpt":{"rendered":"<p>Les francophonies minoritaires \u00e0 l\u2019\u00e8re des n\u00e9gociations constitutionnelles Nombreux sont ceux pour qui l\u2019\u00e9lection des lib\u00e9raux provinciaux de Jean Lesage, en juin 1960, repr\u00e9sente le d\u00e9but de la R\u00e9volution tranquille au Qu\u00e9bec. La prise de pouvoir de \u00ab\u2009l\u2019\u00e9quipe du tonnerre\u2009\u00bb insuffle une nouvelle dynamique aux questions constitutionnelles. En d\u00e9cembre 1961, le ministre f\u00e9d\u00e9ral de la [&hellip;]<\/p>\n","protected":false},"author":60472210,"featured_media":0,"parent":0,"menu_order":0,"comment_status":"closed","ping_status":"closed","template":"","meta":{"_crdt_document":"","advanced_seo_description":"","jetpack_seo_html_title":"","jetpack_seo_noindex":false,"footnotes":""},"class_list":["post-440","page","type-page","status-publish","hentry"],"jetpack_likes_enabled":true,"jetpack_sharing_enabled":true,"jetpack_shortlink":"https:\/\/wp.me\/Pfdu74-76","_links":{"self":[{"href":"https:\/\/parolefranco.ca\/en\/wp-json\/wp\/v2\/pages\/440","targetHints":{"allow":["GET"]}}],"collection":[{"href":"https:\/\/parolefranco.ca\/en\/wp-json\/wp\/v2\/pages"}],"about":[{"href":"https:\/\/parolefranco.ca\/en\/wp-json\/wp\/v2\/types\/page"}],"author":[{"embeddable":true,"href":"https:\/\/parolefranco.ca\/en\/wp-json\/wp\/v2\/users\/60472210"}],"replies":[{"embeddable":true,"href":"https:\/\/parolefranco.ca\/en\/wp-json\/wp\/v2\/comments?post=440"}],"version-history":[{"count":18,"href":"https:\/\/parolefranco.ca\/en\/wp-json\/wp\/v2\/pages\/440\/revisions"}],"predecessor-version":[{"id":2172,"href":"https:\/\/parolefranco.ca\/en\/wp-json\/wp\/v2\/pages\/440\/revisions\/2172"}],"wp:attachment":[{"href":"https:\/\/parolefranco.ca\/en\/wp-json\/wp\/v2\/media?parent=440"}],"curies":[{"name":"wp","href":"https:\/\/api.w.org\/{rel}","templated":true}]}}