{"id":498,"date":"2023-11-24T11:16:22","date_gmt":"2023-11-24T16:16:22","guid":{"rendered":"https:\/\/parolefranco.ca\/?page_id=498"},"modified":"2024-03-19T11:59:06","modified_gmt":"2024-03-19T15:59:06","slug":"1972-2","status":"publish","type":"page","link":"https:\/\/parolefranco.ca\/en\/1972-2\/","title":{"rendered":"1972 and 1978"},"content":{"rendered":"\n<div class=\"wp-block-group alignfull has-border-color is-vertical is-content-justification-center is-nowrap is-layout-flex wp-container-core-group-is-layout-96eab88b wp-block-group-is-layout-flex\" style=\"border-color:#a6f5b0;border-width:65px;border-radius:0px;margin-top:0px;margin-bottom:0px\">\n<h2 class=\"wp-block-heading has-text-align-center has-foreground-color has-text-color has-link-color wp-elements-53349819262330f3a3b24d1ab84ea216\">Le Parti acadien et son programme<\/h2>\n\n\n\n<div style=\"height:30px\" aria-hidden=\"true\" class=\"wp-block-spacer wp-container-content-cf2db169\"><\/div>\n\n\n\n<p class=\"wp-block-paragraph\"><div class=\"_3d-flip-book  fb3d-fullscreen-mode full-size\" data-id=\"1292\" data-mode=\"fullscreen\" data-title=\"false\" data-template=\"short-white-book-view\" data-lightbox=\"dark-shadow\" data-urlparam=\"fb3d-page\" data-page-n=\"0\" data-pdf=\"\" data-tax=\"null\" data-thumbnail=\"\" data-cols=\"3\" data-book-template=\"default\" data-trigger=\"\"><\/div><script type=\"text\/javascript\">window.FB3D_CLIENT_DATA = window.FB3D_CLIENT_DATA || [];FB3D_CLIENT_DATA.push('eyJwb3N0cyI6eyIxMjkyIjp7IklEIjoxMjkyLCJ0aXRsZSI6IlBhcnRvIEFjYWRpZW4gbWFuaWZlc3RlIiwidHlwZSI6InBkZiIsInJlYWR5X2Z1bmN0aW9uIjoiIiwiYm9va19zdHlsZSI6InZvbHVtZS1wYWRkaW5ncy11bnJvbGxpbmciLCJib29rX3RlbXBsYXRlIjoibm9uZSIsIm91dGxpbmUiOltdLCJkYXRhIjp7InBvc3RfSUQiOiIxMjk0IiwiZ3VpZCI6Imh0dHBzOlwvXC9wYXJvbGVmcmFuY28uY2FcL3dwLWNvbnRlbnRcL3VwbG9hZHNcLzIwMjRcLzAxXC8xOTcxLVBhcnRpLUFjYWRpZW4tbWFuaWZlc3RlLnBkZiIsInBkZl9wYWdlcyI6IjEzIiwicGFnZXNfY3VzdG9taXphdGlvbiI6Im5vbmUifSwidGh1bWJuYWlsIjp7ImRhdGEiOnsicG9zdF9JRCI6IjAifSwidHlwZSI6ImF1dG8ifSwicHJvcHMiOnsiYmFja2dyb3VuZENvbG9yIjoiYXV0byIsImJhY2tncm91bmRJbWFnZSI6ImF1dG8iLCJiYWNrZ3JvdW5kU3R5bGUiOiJhdXRvIiwiaGlnaGxpZ2h0TGlua3MiOiJhdXRvIiwibGlnaHRpbmciOiJhdXRvIiwiY2FjaGVkUGFnZXMiOiJhdXRvIiwicmVuZGVySW5hY3RpdmVQYWdlcyI6ImF1dG8iLCJyZW5kZXJJbmFjdGl2ZVBhZ2VzT25Nb2JpbGUiOiJhdXRvIiwicmVuZGVyV2hpbGVGbGlwcGluZyI6ImF1dG8iLCJwcmVsb2FkUGFnZXMiOiJhdXRvIiwiYXV0b1BsYXlEdXJhdGlvbiI6ImF1dG8iLCJydGwiOiJhdXRvIiwiaW50ZXJhY3RpdmVDb3JuZXJzIjoiYXV0byIsIm1heERlcHRoIjoiYXV0byIsInNoZWV0Ijp7InN0YXJ0VmVsb2NpdHkiOiJhdXRvIiwid2F2ZSI6ImF1dG8iLCJzaGFwZSI6ImF1dG8iLCJ3aWR0aFRleGVscyI6ImF1dG8iLCJjb2xvciI6ImF1dG8iLCJzaWRlIjoiYXV0byIsImNvcm5lckRldmlhdGlvbiI6ImF1dG8iLCJmbGV4aWJpbGl0eSI6ImF1dG8iLCJmbGV4aWJsZUNvcm5lciI6ImF1dG8iLCJiZW5kaW5nIjoiYXV0byIsImhlaWdodFRleGVscyI6ImF1dG8ifSwiY292ZXIiOnsid2F2ZSI6ImF1dG8iLCJjb2xvciI6ImF1dG8iLCJzaWRlIjoiYXV0byIsImJpbmRlclRleHR1cmUiOiJhdXRvIiwiZGVwdGgiOiJhdXRvIiwicGFkZGluZyI6ImF1dG8iLCJzdGFydFZlbG9jaXR5IjoiYXV0byIsImZsZXhpYmlsaXR5IjoiYXV0byIsImZsZXhpYmxlQ29ybmVyIjoiYXV0byIsImJlbmRpbmciOiJhdXRvIiwid2lkdGhUZXhlbHMiOiJhdXRvIiwiaGVpZ2h0VGV4ZWxzIjoiYXV0byIsIm1hc3MiOiJhdXRvIiwic2hhcGUiOiJhdXRvIn0sInBhZ2UiOnsid2F2ZSI6ImF1dG8iLCJjb2xvciI6ImF1dG8iLCJzaWRlIjoiYXV0byIsImRlcHRoIjoiYXV0byIsInN0YXJ0VmVsb2NpdHkiOiJhdXRvIiwiZmxleGliaWxpdHkiOiJhdXRvIiwiZmxleGlibGVDb3JuZXIiOiJhdXRvIiwiYmVuZGluZyI6ImF1dG8iLCJ3aWR0aFRleGVscyI6ImF1dG8iLCJoZWlnaHRUZXhlbHMiOiJhdXRvIiwibWFzcyI6ImF1dG8iLCJzaGFwZSI6ImF1dG8ifSwiaGVpZ2h0IjoiYXV0byIsIndpZHRoIjoiYXV0byIsImdyYXZpdHkiOiJhdXRvIiwicGFnZXNGb3JQcmVkaWN0aW5nIjoiYXV0byJ9LCJjb250cm9sUHJvcHMiOnsiYWN0aW9ucyI6eyJjbWRUb2MiOnsiZW5hYmxlZCI6ImF1dG8iLCJlbmFibGVkSW5OYXJyb3ciOiJhdXRvIiwiYWN0aXZlIjoiYXV0byIsImRlZmF1bHRUYWIiOiJhdXRvIn0sImNtZEF1dG9QbGF5Ijp7ImVuYWJsZWQiOiJhdXRvIiwiZW5hYmxlZEluTmFycm93IjoiYXV0byIsImFjdGl2ZSI6ImF1dG8ifSwiY21kU2F2ZSI6eyJlbmFibGVkIjoiYXV0byIsImVuYWJsZWRJbk5hcnJvdyI6ImF1dG8ifSwiY21kUHJpbnQiOnsiZW5hYmxlZCI6ImF1dG8iLCJlbmFibGVkSW5OYXJyb3ciOiJhdXRvIn0sImNtZFNpbmdsZVBhZ2UiOnsiZW5hYmxlZCI6ImF1dG8iLCJlbmFibGVkSW5OYXJyb3ciOiJhdXRvIiwiYWN0aXZlIjoiYXV0byIsImFjdGl2ZUZvck1vYmlsZSI6ImF1dG8ifSwid2lkVG9vbGJhciI6eyJlbmFibGVkIjoiYXV0byIsImVuYWJsZWRJbk5hcnJvdyI6ImF1dG8ifX19LCJhdXRvVGh1bWJuYWlsIjoiaHR0cHM6XC9cL3Bhcm9sZWZyYW5jby5jYVwvd3AtY29udGVudFwvdXBsb2Fkc1wvM2QtZmxpcC1ib29rXC9hdXRvLXRodW1ibmFpbHNcLzEyOTIucG5nIiwicG9zdF9uYW1lIjoicGFydG8tYWNhZGllbi1tYW5pZmVzdGUiLCJwb3N0X3R5cGUiOiIzZC1mbGlwLWJvb2sifX0sInBhZ2VzIjpbXSwiZmlyc3RQYWdlcyI6W119');window.FB3D_CLIENT_LOCALE && FB3D_CLIENT_LOCALE.render && FB3D_CLIENT_LOCALE.render();<\/script><\/p>\n\n\n\n<hr class=\"wp-block-separator has-alpha-channel-opacity is-style-dots\"\/>\n\n\n\n<p class=\"wp-block-paragraph\"><div class=\"_3d-flip-book  fb3d-fullscreen-mode full-size\" data-id=\"1287\" data-mode=\"fullscreen\" data-title=\"false\" data-template=\"short-white-book-view\" data-lightbox=\"dark-shadow\" data-urlparam=\"fb3d-page\" data-page-n=\"0\" data-pdf=\"\" data-tax=\"null\" data-thumbnail=\"\" data-cols=\"3\" data-book-template=\"default\" data-trigger=\"\"><\/div><script type=\"text\/javascript\">window.FB3D_CLIENT_DATA = window.FB3D_CLIENT_DATA || [];FB3D_CLIENT_DATA.push('eyJwb3N0cyI6eyIxMjg3Ijp7IklEIjoxMjg3LCJ0aXRsZSI6IlBhcnRpIEFjYWRpZW4iLCJ0eXBlIjoicGRmIiwicmVhZHlfZnVuY3Rpb24iOiIiLCJib29rX3N0eWxlIjoidm9sdW1lLXBhZGRpbmdzLXVucm9sbGluZyIsImJvb2tfdGVtcGxhdGUiOiJub25lIiwib3V0bGluZSI6W10sImRhdGEiOnsicG9zdF9JRCI6IjEyODgiLCJndWlkIjoiaHR0cHM6XC9cL3Bhcm9sZWZyYW5jby5jYVwvd3AtY29udGVudFwvdXBsb2Fkc1wvMjAyNFwvMDFcLzE5NzEtUGFydGktQWNhZGllbi5wZGYiLCJwZGZfcGFnZXMiOiIxMSIsInBhZ2VzX2N1c3RvbWl6YXRpb24iOiJub25lIn0sInRodW1ibmFpbCI6eyJkYXRhIjp7InBvc3RfSUQiOiIwIn0sInR5cGUiOiJhdXRvIn0sInByb3BzIjp7ImJhY2tncm91bmRDb2xvciI6ImF1dG8iLCJiYWNrZ3JvdW5kSW1hZ2UiOiJhdXRvIiwiYmFja2dyb3VuZFN0eWxlIjoiYXV0byIsImhpZ2hsaWdodExpbmtzIjoiYXV0byIsImxpZ2h0aW5nIjoiYXV0byIsImNhY2hlZFBhZ2VzIjoiYXV0byIsInJlbmRlckluYWN0aXZlUGFnZXMiOiJhdXRvIiwicmVuZGVySW5hY3RpdmVQYWdlc09uTW9iaWxlIjoiYXV0byIsInJlbmRlcldoaWxlRmxpcHBpbmciOiJhdXRvIiwicHJlbG9hZFBhZ2VzIjoiYXV0byIsImF1dG9QbGF5RHVyYXRpb24iOiJhdXRvIiwicnRsIjoiYXV0byIsImludGVyYWN0aXZlQ29ybmVycyI6ImF1dG8iLCJtYXhEZXB0aCI6ImF1dG8iLCJzaGVldCI6eyJzdGFydFZlbG9jaXR5IjoiYXV0byIsIndhdmUiOiJhdXRvIiwic2hhcGUiOiJhdXRvIiwid2lkdGhUZXhlbHMiOiJhdXRvIiwiY29sb3IiOiJhdXRvIiwic2lkZSI6ImF1dG8iLCJjb3JuZXJEZXZpYXRpb24iOiJhdXRvIiwiZmxleGliaWxpdHkiOiJhdXRvIiwiZmxleGlibGVDb3JuZXIiOiJhdXRvIiwiYmVuZGluZyI6ImF1dG8iLCJoZWlnaHRUZXhlbHMiOiJhdXRvIn0sImNvdmVyIjp7IndhdmUiOiJhdXRvIiwiY29sb3IiOiJhdXRvIiwic2lkZSI6ImF1dG8iLCJiaW5kZXJUZXh0dXJlIjoiYXV0byIsImRlcHRoIjoiYXV0byIsInBhZGRpbmciOiJhdXRvIiwic3RhcnRWZWxvY2l0eSI6ImF1dG8iLCJmbGV4aWJpbGl0eSI6ImF1dG8iLCJmbGV4aWJsZUNvcm5lciI6ImF1dG8iLCJiZW5kaW5nIjoiYXV0byIsIndpZHRoVGV4ZWxzIjoiYXV0byIsImhlaWdodFRleGVscyI6ImF1dG8iLCJtYXNzIjoiYXV0byIsInNoYXBlIjoiYXV0byJ9LCJwYWdlIjp7IndhdmUiOiJhdXRvIiwiY29sb3IiOiJhdXRvIiwic2lkZSI6ImF1dG8iLCJkZXB0aCI6ImF1dG8iLCJzdGFydFZlbG9jaXR5IjoiYXV0byIsImZsZXhpYmlsaXR5IjoiYXV0byIsImZsZXhpYmxlQ29ybmVyIjoiYXV0byIsImJlbmRpbmciOiJhdXRvIiwid2lkdGhUZXhlbHMiOiJhdXRvIiwiaGVpZ2h0VGV4ZWxzIjoiYXV0byIsIm1hc3MiOiJhdXRvIiwic2hhcGUiOiJhdXRvIn0sImhlaWdodCI6ImF1dG8iLCJ3aWR0aCI6ImF1dG8iLCJncmF2aXR5IjoiYXV0byIsInBhZ2VzRm9yUHJlZGljdGluZyI6ImF1dG8ifSwiY29udHJvbFByb3BzIjp7ImFjdGlvbnMiOnsiY21kVG9jIjp7ImVuYWJsZWQiOiJhdXRvIiwiZW5hYmxlZEluTmFycm93IjoiYXV0byIsImFjdGl2ZSI6ImF1dG8iLCJkZWZhdWx0VGFiIjoiYXV0byJ9LCJjbWRBdXRvUGxheSI6eyJlbmFibGVkIjoiYXV0byIsImVuYWJsZWRJbk5hcnJvdyI6ImF1dG8iLCJhY3RpdmUiOiJhdXRvIn0sImNtZFNhdmUiOnsiZW5hYmxlZCI6ImF1dG8iLCJlbmFibGVkSW5OYXJyb3ciOiJhdXRvIn0sImNtZFByaW50Ijp7ImVuYWJsZWQiOiJhdXRvIiwiZW5hYmxlZEluTmFycm93IjoiYXV0byJ9LCJjbWRTaW5nbGVQYWdlIjp7ImVuYWJsZWQiOiJhdXRvIiwiZW5hYmxlZEluTmFycm93IjoiYXV0byIsImFjdGl2ZSI6ImF1dG8iLCJhY3RpdmVGb3JNb2JpbGUiOiJhdXRvIn0sIndpZFRvb2xiYXIiOnsiZW5hYmxlZCI6ImF1dG8iLCJlbmFibGVkSW5OYXJyb3ciOiJhdXRvIn19fSwiYXV0b1RodW1ibmFpbCI6Imh0dHBzOlwvXC9wYXJvbGVmcmFuY28uY2FcL3dwLWNvbnRlbnRcL3VwbG9hZHNcLzNkLWZsaXAtYm9va1wvYXV0by10aHVtYm5haWxzXC8xMjg3LnBuZyIsInBvc3RfbmFtZSI6InBhcnRpLWFjYWRpZW4iLCJwb3N0X3R5cGUiOiIzZC1mbGlwLWJvb2sifX0sInBhZ2VzIjpbXSwiZmlyc3RQYWdlcyI6W119');window.FB3D_CLIENT_LOCALE && FB3D_CLIENT_LOCALE.render && FB3D_CLIENT_LOCALE.render();<\/script><\/p>\n\n\n\n<div class=\"wp-block-columns is-layout-flex wp-container-core-columns-is-layout-f56f613f wp-block-columns-is-layout-flex\">\n<div class=\"wp-block-column is-layout-flow wp-block-column-is-layout-flow\" style=\"padding-right:0;padding-left:0;flex-basis:65%\">\n<p class=\"wp-block-paragraph\" style=\"font-size:20px\">Actif entre 1972 et 1982, le Parti acadien symbolise une \u00e9poque r\u00e9volue, o\u00f9 il \u00e9tait possible d\u2019\u00e9voquer un projet politique proprement acadien. Aujourd\u2019hui, on s\u2019en souvient surtout parce qu\u2019il a appel\u00e9 \u00e0 diviser le Nouveau-Brunswick selon une ligne diagonale allant de Grand-Sault \u00e0 Moncton afin de cr\u00e9er une onzi\u00e8me province canadienne.<\/p>\n\n\n\n<p class=\"wp-block-paragraph\" style=\"font-size:20px\">Au moment de sa fondation, le Parti a un programme assez h\u00e9t\u00e9roclite. Sans s\u2019engager officiellement en faveur d\u2019une province acadienne (cela n\u2019arrivera qu\u2019en 1977), il propose une s\u00e9rie de mesures qui s\u2019inspirent certes du nationalisme, mais aussi de la gauche \u00e9conomique et de l\u2019\u00e9cologisme. En m\u00eame temps, malgr\u00e9 la pr\u00e9sence de certains marxistes-l\u00e9ninistes, qui finiront par quitter le Parti, la plupart des militants cherchent \u00e0 maintenir des ponts entre les jeunes (souvent influenc\u00e9s par le marxisme et la d\u00e9colonisation) et les g\u00e9n\u00e9rations pr\u00e9c\u00e9dentes. En t\u00e9moigne parfaitement le manifeste fondateur du Parti, dont on trouvera ci-apr\u00e8s certains extraits. Notons, en particulier, la mani\u00e8re dont le manifeste traite du rapport entre les hommes et les femmes, qui doit \u00eatre bas\u00e9, selon le Parti, sur \u00ab&nbsp;l\u2019\u00e9galit\u00e9 dans la diff\u00e9rence&nbsp;\u00bb. L\u2019implication de certaines Acadiennes bien connues, comme la professeure de sciences de l\u2019\u00e9ducation Simone LeBlanc Rainville, ne change pas fondamentalement l\u2019orientation du Parti, qui demeure assez \u00e9loign\u00e9e du f\u00e9minisme de la deuxi\u00e8me vague.<br><br>Le Parti acadien conna\u00eet ses plus grands succ\u00e8s \u00e9lectoraux en 1978, ann\u00e9e o\u00f9 le cur\u00e9 Armand Plourde passe pr\u00e8s de se faire \u00e9lire dans la circonscription de Restigouche-Ouest. Le scrutin se d\u00e9roule dans un contexte o\u00f9 l\u2019imminence d\u2019un r\u00e9f\u00e9rendum sur la souverainet\u00e9 du Qu\u00e9bec ne peut que favoriser la mont\u00e9e du Parti.<br><br>Pourtant, \u00e0 l\u2019aube des ann\u00e9es&nbsp;1980, le Parti acadien se d\u00e9sagr\u00e8ge. Avec une r\u00e9cession \u00e9conomique plan\u00e9taire, l\u2019adoption d\u2019une loi sur l\u2019\u00e9galit\u00e9 des communaut\u00e9s linguistiques au Nouveau-Brunswick et la d\u00e9faite souverainiste au Qu\u00e9bec, le climat n\u2019est plus propice \u00e0 un tel parti politique. Le destin du Parti acadien \u2014 une popularit\u00e9 grandissante dans les ann\u00e9es&nbsp;1970 suivie d\u2019un d\u00e9clin au d\u00e9but de la d\u00e9cennie suivante \u2014 refl\u00e8te d\u2019ailleurs bien celui de nombreux autres mouvements nationalistes en Occident. N\u00e9anmoins, le Parti aura r\u00e9ussi \u00e0 laisser une marque sur l\u2019histoire politique du Nouveau-Brunswick; en outre, il fait toujours partie, au moins jusqu\u2019\u00e0 un certain point, de la m\u00e9moire collective acadienne.<\/p>\n\n\n\n<div style=\"height:30px\" aria-hidden=\"true\" class=\"wp-block-spacer\"><\/div>\n\n\n\n<figure class=\"wp-block-image aligncenter size-large is-resized\"><img data-recalc-dims=\"1\" loading=\"lazy\" decoding=\"async\" width=\"2048\" height=\"703\" data-attachment-id=\"97\" data-permalink=\"https:\/\/parolefranco.ca\/en\/lilly-footer\/\" data-orig-file=\"https:\/\/i0.wp.com\/parolefranco.ca\/wp-content\/uploads\/2023\/10\/lilly-footer.png?fit=2048%2C703&amp;ssl=1\" data-orig-size=\"2048,703\" data-comments-opened=\"1\" data-image-meta=\"{&quot;aperture&quot;:&quot;0&quot;,&quot;credit&quot;:&quot;&quot;,&quot;camera&quot;:&quot;&quot;,&quot;caption&quot;:&quot;&quot;,&quot;created_timestamp&quot;:&quot;0&quot;,&quot;copyright&quot;:&quot;&quot;,&quot;focal_length&quot;:&quot;0&quot;,&quot;iso&quot;:&quot;0&quot;,&quot;shutter_speed&quot;:&quot;0&quot;,&quot;title&quot;:&quot;&quot;,&quot;orientation&quot;:&quot;0&quot;}\" data-image-title=\"lilly-footer\" data-image-description=\"\" data-image-caption=\"\" data-large-file=\"https:\/\/i0.wp.com\/parolefranco.ca\/wp-content\/uploads\/2023\/10\/lilly-footer.png?fit=1024%2C352&amp;ssl=1\" src=\"https:\/\/i0.wp.com\/parolefranco.ca\/wp-content\/uploads\/2023\/10\/lilly-footer.png?resize=2048%2C703&#038;ssl=1\" alt=\"\" class=\"wp-image-97\" style=\"width:283px;height:auto\"\/><\/figure>\n<\/div>\n\n\n\n<div class=\"wp-block-column has-background-color has-primary-background-color has-text-color has-background has-link-color wp-elements-fc2cfb01cf1c3f07b8bf9c5016ba3483 is-layout-flow wp-block-column-is-layout-flow\" style=\"padding-top:var(--wp--preset--spacing--60);padding-right:var(--wp--preset--spacing--50);padding-bottom:var(--wp--preset--spacing--60);padding-left:var(--wp--preset--spacing--50);flex-basis:35%\">\n<p class=\"has-small-font-size wp-block-paragraph\"><strong>Titres de document<\/strong>s\u00a0: Extraits du manifeste du Parti acadien (1972), D\u00e9pliant du Parti acadien Simonne Rainville (1978)<br><br><strong>Date : <\/strong>1972 et 1978<br><br><strong>Sources : <\/strong>Euclide Chiasson, <em>Le Parti acadien,<\/em> [Petit-Rocher], [Le Parti acadien], [1972], p.\u00a094-95 et 105-124; Universit\u00e9 de Moncton, Centre d\u2019\u00e9tudes acadiennes Anselme-Chiasson (CEAAC), dossier 719.2. 1 page.<\/p>\n\n\n\n<p class=\"has-small-font-size wp-block-paragraph\"><strong>Pour en savoir plus<\/strong><\/p>\n\n\n\n<p class=\"has-small-font-size wp-block-paragraph\">En ligne<\/p>\n\n\n\n<p class=\"has-small-font-size wp-block-paragraph\"><span style=\"text-decoration: underline\"><a href=\"http:\/\/www.ameriquefrancaise.org\/fr\/article-598\/Parti_acadien,_1972-1982.html\" target=\"_blank\" rel=\"noreferrer noopener\">Julien Massicotte. \u00ab&nbsp;Parti acadien, 1972-1982&nbsp;\u00bb, <em>Encyclop\u00e9die du patrimoine culturel de l\u2019Am\u00e9rique fran\u00e7aise<\/em>.<\/a><\/span><\/p>\n\n\n\n<p class=\"has-small-font-size wp-block-paragraph\">Ouvrages, articles et chapitres<\/p>\n\n\n\n<p class=\"has-small-font-size wp-block-paragraph\">Franc\u00e8s, Patrick. \u00ab&nbsp;Quand la Sagouine flirte avec Mao&nbsp;\u00bb, <em>L\u2019\u00c9vang\u00e9line, <\/em>2&nbsp;juin 1972, p.&nbsp;12-13.<br><br>Kernalegenn, Tudi, Joel Belliveau et Jean-Olivier Roy (dir.), <em>La vague nationale des ann\u00e9es&nbsp;1968. Une comparaison internationale<\/em>, Ottawa, Presses de l\u2019Universit\u00e9 d\u2019Ottawa, 2020.<br><br>Massicotte Julien. \u00ab&nbsp;\u201cMadawaskayen, qui es-tu?\u201d&nbsp;: Armand Plourde, le Madawaska et l\u2019Acadie&nbsp;\u00bb, dans Julien Massicotte (dir.), <em>Saisir le pr\u00e9sent, penser l\u2019avenir. R\u00e9flexions sur l\u2019Acadie contemporaine, <\/em>Qu\u00e9bec, Presses de l\u2019Universit\u00e9 Laval, 2021, p.&nbsp;99-135.<br><br>Poplyansky, Michael. <em>Le Parti acadien et la qu\u00eate d\u2019un paradis perdu, <\/em>Qu\u00e9bec<em>, <\/em>Septentrion, 2018.<br><br>Th\u00e9riault, L\u00e9on. <em>La question du pouvoir en Acadie, <\/em>Moncton, \u00c9ditions d\u2019Acadie, 1982.<br><br>Ouellette, Roger. <em>Le Parti acadien. De la fondation \u00e0 la disparition, <\/em>Moncton, Centre d\u2019\u00e9tudes acadiennes, 1992.<\/p>\n<\/div>\n<\/div>\n\n\n\n<div style=\"height:0px;width:0px\" aria-hidden=\"true\" class=\"wp-block-spacer wp-container-content-f7b87a2a\"><\/div>\n<\/div>\n\n\n\n<div class=\"wp-block-columns is-layout-flex wp-container-core-columns-is-layout-f56f613f wp-block-columns-is-layout-flex\">\n<div class=\"wp-block-column is-layout-flow wp-block-column-is-layout-flow\">\n<div class=\"wp-block-columns is-layout-flex wp-container-core-columns-is-layout-f56f613f wp-block-columns-is-layout-flex\">\n<div class=\"wp-block-column is-layout-flow wp-block-column-is-layout-flow\">\n<div class=\"wp-block-buttons is-layout-flex wp-block-buttons-is-layout-flex\">\n<div class=\"wp-block-button has-custom-width wp-block-button__width-100\"><a class=\"wp-block-button__link has-background wp-element-button\" href=\"https:\/\/parolefranco.ca\/1867-1927\/\" style=\"border-radius:10px;background-color:#a57d54\">1867-1927<\/a><\/div>\n<\/div>\n<\/div>\n\n\n\n<div class=\"wp-block-column is-layout-flow wp-block-column-is-layout-flow\">\n<div class=\"wp-block-buttons is-layout-flex wp-block-buttons-is-layout-flex\">\n<div class=\"wp-block-button has-custom-width wp-block-button__width-100\"><a class=\"wp-block-button__link has-background wp-element-button\" href=\"https:\/\/parolefranco.ca\/1928-1967\/\" style=\"border-radius:10px;background-color:#a57d54\">1928-1967<\/a><\/div>\n<\/div>\n<\/div>\n<\/div>\n<\/div>\n\n\n\n<div class=\"wp-block-column is-layout-flow wp-block-column-is-layout-flow\">\n<div class=\"wp-block-columns is-layout-flex wp-container-core-columns-is-layout-f56f613f wp-block-columns-is-layout-flex\">\n<div class=\"wp-block-column is-layout-flow wp-block-column-is-layout-flow\">\n<div class=\"wp-block-buttons is-layout-flex wp-block-buttons-is-layout-flex\">\n<div class=\"wp-block-button has-custom-width wp-block-button__width-100\"><a class=\"wp-block-button__link has-background wp-element-button\" href=\"https:\/\/parolefranco.ca\/1968-1982\/\" style=\"border-radius:10px;background-color:#a57d54\">1968-1982<\/a><\/div>\n<\/div>\n<\/div>\n\n\n\n<div class=\"wp-block-column is-layout-flow wp-block-column-is-layout-flow\">\n<div class=\"wp-block-buttons is-layout-flex wp-block-buttons-is-layout-flex\">\n<div class=\"wp-block-button has-custom-width wp-block-button__width-100\"><a class=\"wp-block-button__link has-background wp-element-button\" href=\"https:\/\/parolefranco.ca\/1983-2022\/\" style=\"border-radius:10px;background-color:#a57d54\">1983-2022<\/a><\/div>\n<\/div>\n<\/div>\n<\/div>\n<\/div>\n<\/div>\n\n\n\n<div style=\"height:40px\" aria-hidden=\"true\" class=\"wp-block-spacer\"><\/div>\n","protected":false},"excerpt":{"rendered":"<p>Le Parti acadien et son programme Actif entre 1972 et 1982, le Parti acadien symbolise une \u00e9poque r\u00e9volue, o\u00f9 il \u00e9tait possible d\u2019\u00e9voquer un projet politique proprement acadien. Aujourd\u2019hui, on s\u2019en souvient surtout parce qu\u2019il a appel\u00e9 \u00e0 diviser le Nouveau-Brunswick selon une ligne diagonale allant de Grand-Sault \u00e0 Moncton afin de cr\u00e9er une onzi\u00e8me [&hellip;]<\/p>\n","protected":false},"author":60472210,"featured_media":0,"parent":0,"menu_order":0,"comment_status":"closed","ping_status":"closed","template":"","meta":{"_crdt_document":"","advanced_seo_description":"","jetpack_seo_html_title":"","jetpack_seo_noindex":false,"footnotes":""},"class_list":["post-498","page","type-page","status-publish","hentry"],"jetpack_likes_enabled":true,"jetpack_sharing_enabled":true,"jetpack_shortlink":"https:\/\/wp.me\/Pfdu74-82","_links":{"self":[{"href":"https:\/\/parolefranco.ca\/en\/wp-json\/wp\/v2\/pages\/498","targetHints":{"allow":["GET"]}}],"collection":[{"href":"https:\/\/parolefranco.ca\/en\/wp-json\/wp\/v2\/pages"}],"about":[{"href":"https:\/\/parolefranco.ca\/en\/wp-json\/wp\/v2\/types\/page"}],"author":[{"embeddable":true,"href":"https:\/\/parolefranco.ca\/en\/wp-json\/wp\/v2\/users\/60472210"}],"replies":[{"embeddable":true,"href":"https:\/\/parolefranco.ca\/en\/wp-json\/wp\/v2\/comments?post=498"}],"version-history":[{"count":14,"href":"https:\/\/parolefranco.ca\/en\/wp-json\/wp\/v2\/pages\/498\/revisions"}],"predecessor-version":[{"id":2312,"href":"https:\/\/parolefranco.ca\/en\/wp-json\/wp\/v2\/pages\/498\/revisions\/2312"}],"wp:attachment":[{"href":"https:\/\/parolefranco.ca\/en\/wp-json\/wp\/v2\/media?parent=498"}],"curies":[{"name":"wp","href":"https:\/\/api.w.org\/{rel}","templated":true}]}}