{"id":502,"date":"2023-11-24T11:21:29","date_gmt":"2023-11-24T16:21:29","guid":{"rendered":"https:\/\/parolefranco.ca\/?page_id=502"},"modified":"2024-03-19T12:05:22","modified_gmt":"2024-03-19T16:05:22","slug":"2-novembre-1972","status":"publish","type":"page","link":"https:\/\/parolefranco.ca\/en\/2-novembre-1972\/","title":{"rendered":"November 2, 1972"},"content":{"rendered":"<div class=\"wp-block-group alignfull has-border-color is-vertical is-content-justification-center is-nowrap is-layout-flex wp-container-core-group-is-layout-96eab88b wp-block-group-is-layout-flex\" style=\"border-color:#a6f5b0;border-width:65px;border-radius:0px;margin-top:0px;margin-bottom:0px\">\n<h2 class=\"wp-block-heading has-text-align-center has-foreground-color has-text-color has-link-color wp-elements-1\">The Provincialization of Francophone Identities in Canada: The Fransaskois Example<\/h2>\n\n\n\n<div class=\"wp-block-group alignfull is-nowrap is-layout-flex wp-container-core-group-is-layout-c6654480 wp-block-group-is-layout-flex\" style=\"padding-top:var(--wp--preset--spacing--80);padding-right:var(--wp--preset--spacing--50);padding-bottom:var(--wp--preset--spacing--80);padding-left:var(--wp--preset--spacing--50)\">\n<div class=\"wp-block-columns alignwide is-layout-flex wp-container-core-columns-is-layout-f56f613f wp-block-columns-is-layout-flex\">\n<div class=\"wp-block-column is-layout-flow wp-block-column-is-layout-flow\">\n<figure class=\"wp-block-gallery has-nested-images columns-default is-cropped wp-block-gallery-1 is-layout-flex wp-block-gallery-is-layout-flex\">\n<figure class=\"wp-block-image size-large has-custom-border\"><img data-recalc-dims=\"1\" loading=\"lazy\" decoding=\"async\" width=\"1488\" height=\"1836\" data-attachment-id=\"337\" data-permalink=\"https:\/\/parolefranco.ca\/en\/1968-1982\/screenshot-2023-11-23-at-1-31-20-pm\/\" data-orig-file=\"https:\/\/i0.wp.com\/parolefranco.ca\/wp-content\/uploads\/2023\/11\/screenshot-2023-11-23-at-1.31.20-pm.png?fit=1488%2C1836&amp;ssl=1\" data-orig-size=\"1488,1836\" data-comments-opened=\"1\" data-image-meta=\"{&quot;aperture&quot;:&quot;0&quot;,&quot;credit&quot;:&quot;&quot;,&quot;camera&quot;:&quot;&quot;,&quot;caption&quot;:&quot;&quot;,&quot;created_timestamp&quot;:&quot;0&quot;,&quot;copyright&quot;:&quot;&quot;,&quot;focal_length&quot;:&quot;0&quot;,&quot;iso&quot;:&quot;0&quot;,&quot;shutter_speed&quot;:&quot;0&quot;,&quot;title&quot;:&quot;&quot;,&quot;orientation&quot;:&quot;0&quot;}\" data-image-title=\"Screenshot 2023-11-23 at 1.31.20 PM\" data-image-description=\"\" data-image-caption=\"\" data-large-file=\"https:\/\/i0.wp.com\/parolefranco.ca\/wp-content\/uploads\/2023\/11\/screenshot-2023-11-23-at-1.31.20-pm.png?fit=830%2C1024&amp;ssl=1\" data-id=\"337\" src=\"https:\/\/i0.wp.com\/parolefranco.ca\/wp-content\/uploads\/2023\/11\/screenshot-2023-11-23-at-1.31.20-pm.png?resize=1488%2C1836&#038;ssl=1\" alt=\"\" class=\"has-border-color has-foreground-border-color wp-image-337\" style=\"border-width:1px\"\/><\/figure>\n\n\n\n<figure class=\"wp-block-image size-large has-custom-border\"><img data-recalc-dims=\"1\" loading=\"lazy\" decoding=\"async\" width=\"1550\" height=\"1876\" data-attachment-id=\"503\" data-permalink=\"https:\/\/parolefranco.ca\/en\/screenshot-2023-11-24-at-11-19-03-am\/\" data-orig-file=\"https:\/\/i0.wp.com\/parolefranco.ca\/wp-content\/uploads\/2023\/11\/screenshot-2023-11-24-at-11.19.03-am.png?fit=1550%2C1876&amp;ssl=1\" data-orig-size=\"1550,1876\" data-comments-opened=\"1\" data-image-meta=\"{&quot;aperture&quot;:&quot;0&quot;,&quot;credit&quot;:&quot;&quot;,&quot;camera&quot;:&quot;&quot;,&quot;caption&quot;:&quot;&quot;,&quot;created_timestamp&quot;:&quot;0&quot;,&quot;copyright&quot;:&quot;&quot;,&quot;focal_length&quot;:&quot;0&quot;,&quot;iso&quot;:&quot;0&quot;,&quot;shutter_speed&quot;:&quot;0&quot;,&quot;title&quot;:&quot;&quot;,&quot;orientation&quot;:&quot;0&quot;}\" data-image-title=\"Screenshot 2023-11-24 at 11.19.03 AM\" data-image-description=\"\" data-image-caption=\"\" data-large-file=\"https:\/\/i0.wp.com\/parolefranco.ca\/wp-content\/uploads\/2023\/11\/screenshot-2023-11-24-at-11.19.03-am.png?fit=846%2C1024&amp;ssl=1\" data-id=\"503\" src=\"https:\/\/i0.wp.com\/parolefranco.ca\/wp-content\/uploads\/2023\/11\/screenshot-2023-11-24-at-11.19.03-am.png?resize=1550%2C1876&#038;ssl=1\" alt=\"\" class=\"has-border-color has-foreground-border-color wp-image-503\" style=\"border-width:1px\"\/><\/figure>\n<\/figure>\n<\/div>\n<\/div>\n<\/div>\n\n\n\n<div class=\"wp-block-columns is-layout-flex wp-container-core-columns-is-layout-f56f613f wp-block-columns-is-layout-flex\">\n<div class=\"wp-block-column is-layout-flow wp-block-column-is-layout-flow\" style=\"padding-right:0;padding-left:0;flex-basis:60%\">\n<p class=\"wp-block-paragraph\" style=\"font-size:20px\">The 1960s and 1970s marked a period of great ambivalence around identity for francophone minority communities in Canada. The desire of francophones in Quebec to assert themselves as \u201cQu\u00e9b\u00e9cois\u201d (Quebeckers) led to a similar process in other provinces. \u201cFrench Canadians\u201d became Franco-Manitobans, Franco-Albertans or Franco-Ontarians. Briefly tempted by the term \u201cfrancophone,\u201d even some Acadians in the Maritimes considered redefining themselves.<\/p>\n\n\n\n<p class=\"wp-block-paragraph translation-block\" style=\"font-size:20px\">Choosing a new name rarely goes smoothly. Just think of the short-lived attempt to rename francophones in Ontario \u201c<em>Ontarois<\/em>.\u201d Likewise, the term \u201cfrancophone\u201d did not last in Acadia; the institutional network chose not to abandon its \u201c<em>acadianit\u00e9<\/em>.\u201d<br><br>These debates often took place behind the scenes, so it was not always clear why one name was favoured over another. The case of francophones in Saskatchewan was an exception. The provincial francophone newspaper \u2013 <em>L\u2019Eau vive<\/em> (founded in 1971) \u2013 conducted a public consultation about how the community should define itself. The results, as well as the rationalization behind the choice of the term \u201c<em>Fransaskois<\/em>,\u201d were presented in the news article selected for the anthology. It revealed the provincialization of francophone identities in Canada \u2013 a desire on the part of francophones in Saskatchewan to distinguish themselves from their fellow citizens in neighbouring provinces \u2013 but also a determination not to abandon completely old solidarities. The newspaper acknowledged that the term \u201cFrench Canadians from Saskatchewan\u201d would continue to be in common use. In fact, it is hardly ever heard in Saskatchewan today: the term \u201c<em>Fransaskois<\/em>\u201d has largely taken its place.<\/p>\n\n\n\n<div style=\"height:30px\" aria-hidden=\"true\" class=\"wp-block-spacer\"><\/div>\n\n\n\n<figure class=\"wp-block-image aligncenter size-large is-resized\"><img data-recalc-dims=\"1\" loading=\"lazy\" decoding=\"async\" width=\"2048\" height=\"703\" data-attachment-id=\"97\" data-permalink=\"https:\/\/parolefranco.ca\/en\/lilly-footer\/\" data-orig-file=\"https:\/\/i0.wp.com\/parolefranco.ca\/wp-content\/uploads\/2023\/10\/lilly-footer.png?fit=2048%2C703&amp;ssl=1\" data-orig-size=\"2048,703\" data-comments-opened=\"1\" data-image-meta=\"{&quot;aperture&quot;:&quot;0&quot;,&quot;credit&quot;:&quot;&quot;,&quot;camera&quot;:&quot;&quot;,&quot;caption&quot;:&quot;&quot;,&quot;created_timestamp&quot;:&quot;0&quot;,&quot;copyright&quot;:&quot;&quot;,&quot;focal_length&quot;:&quot;0&quot;,&quot;iso&quot;:&quot;0&quot;,&quot;shutter_speed&quot;:&quot;0&quot;,&quot;title&quot;:&quot;&quot;,&quot;orientation&quot;:&quot;0&quot;}\" data-image-title=\"lilly-footer\" data-image-description=\"\" data-image-caption=\"\" data-large-file=\"https:\/\/i0.wp.com\/parolefranco.ca\/wp-content\/uploads\/2023\/10\/lilly-footer.png?fit=1024%2C352&amp;ssl=1\" src=\"https:\/\/i0.wp.com\/parolefranco.ca\/wp-content\/uploads\/2023\/10\/lilly-footer.png?resize=2048%2C703&#038;ssl=1\" alt=\"\" class=\"wp-image-97\" style=\"width:242px;height:auto\"\/><\/figure>\n<\/div>\n\n\n\n<div class=\"wp-block-column has-background-color has-primary-background-color has-text-color has-background has-link-color wp-elements-2 is-layout-flow wp-block-column-is-layout-flow\" style=\"padding-top:var(--wp--preset--spacing--60);padding-right:var(--wp--preset--spacing--50);padding-bottom:var(--wp--preset--spacing--60);padding-left:var(--wp--preset--spacing--50);flex-basis:40%\">\n<p class=\"has-small-font-size wp-block-paragraph\"><strong>Title of the document<\/strong>\u00a0: \u00ab\u00a0D\u00e9sormais Fransaskois\u00a0\u00bb<br><br><strong>Date : <\/strong>November 2, 1972<br><br><strong>Reference : <\/strong><em>L\u2019Eau vive\u00a0: la publication des francophones de la Saskatchewan<\/em>, (n<sup>o<\/sup> 3), p. 1 and 2. Reproduced with permission from the journal <em>L\u2019Eau vive<\/em>. The Saskatchewan Historical Society provides access to the periodical on the website of the Center des Archives fransaskoises.<\/p>\n\n\n\n<p class=\"has-small-font-size wp-block-paragraph\"><strong>To learn more about this topic:<\/strong><\/p>\n\n\n\n<p class=\"has-small-font-size wp-block-paragraph\">Printed sources<\/p>\n\n\n\n<p class=\"has-small-font-size wp-block-paragraph\">Bock, Michel. <em>Comment un peuple oublie son nom. La crise identitaire franco-ontarienne et la presse fran\u00e7aise de Sudbury (1960-1975)<\/em>, Sudbury, Prise de parole, 1999.<br><br>Poplyansky, Michael. \u00ab\u00a0Francophone ou acadien : ind\u00e9cision identitaire au Nouveau-Brunswick et en Nouvelle-\u00c9cosse 1968-1973\u00a0\u00bb, <em>Port Acadie<\/em>, 27 (2015), p. 63-81.<br><br>Poplyansky, Michael. \u00ab La jeunesse fransaskoise pendant les ann\u00e9es 68\u00a0: un portrait exploratoire\u00a0\u00bb dans Michael Poplyansky <em>et al. <\/em>(dir.), <em>La dimension oubli\u00e9e des ann\u00e9es 68. Mobilisations de minorit\u00e9s nationales en Am\u00e9rique du Nord<\/em>, Qu\u00e9bec, Presses de l\u2019Universit\u00e9 Laval, 2023, p. 61-82.<br><br><span style=\"text-decoration: underline\"><a href=\"http:\/\/musee.histoiresk.ca\/de-franco-canadien-a-fransaskois-l-146-emergence-d-146-une-nouvelle-identite-francophone-n207-t1114.html\" target=\"_blank\" rel=\"noreferrer noopener\">Roussel-Beaulieu, Fr\u00e9d\u00e9ric. \u00ab De Franco-Canadiens \u00e0 Fransaskois\u00a0: l\u2019\u00e9mergence d\u2019une nouvelle identit\u00e9 francophone \u00bb, <em>Revue historique<\/em>, vol. 16, n<sup>o<\/sup>\u00a02 (2005).<\/a><\/span><\/p>\n<\/div>\n<\/div>\n\n\n\n<div style=\"height:0px;width:0px\" aria-hidden=\"true\" class=\"wp-block-spacer wp-container-content-f7b87a2a\"><\/div>\n<\/div>\n\n\n\n<div class=\"wp-block-columns is-layout-flex wp-container-core-columns-is-layout-f56f613f wp-block-columns-is-layout-flex\">\n<div class=\"wp-block-column is-layout-flow wp-block-column-is-layout-flow\">\n<div class=\"wp-block-columns is-layout-flex wp-container-core-columns-is-layout-f56f613f wp-block-columns-is-layout-flex\">\n<div class=\"wp-block-column is-layout-flow wp-block-column-is-layout-flow\">\n<div class=\"wp-block-buttons is-layout-flex wp-block-buttons-is-layout-flex\">\n<div class=\"wp-block-button has-custom-width wp-block-button__width-100\"><a class=\"wp-block-button__link has-background wp-element-button\" href=\"https:\/\/parolefranco.ca\/en\/1867-1927\/\" style=\"border-radius:10px;background-color:#a57d54\">1867-1927<\/a><\/div>\n<\/div>\n<\/div>\n\n\n\n<div class=\"wp-block-column is-layout-flow wp-block-column-is-layout-flow\">\n<div class=\"wp-block-buttons is-layout-flex wp-block-buttons-is-layout-flex\">\n<div class=\"wp-block-button has-custom-width wp-block-button__width-100\"><a class=\"wp-block-button__link has-background wp-element-button\" href=\"https:\/\/parolefranco.ca\/en\/1928-1967\/\" style=\"border-radius:10px;background-color:#a57d54\">1928-1967<\/a><\/div>\n<\/div>\n<\/div>\n<\/div>\n<\/div>\n\n\n\n<div class=\"wp-block-column is-layout-flow wp-block-column-is-layout-flow\">\n<div class=\"wp-block-columns is-layout-flex wp-container-core-columns-is-layout-f56f613f wp-block-columns-is-layout-flex\">\n<div class=\"wp-block-column is-layout-flow wp-block-column-is-layout-flow\">\n<div class=\"wp-block-buttons is-layout-flex wp-block-buttons-is-layout-flex\">\n<div class=\"wp-block-button has-custom-width wp-block-button__width-100\"><a class=\"wp-block-button__link has-background wp-element-button\" href=\"https:\/\/parolefranco.ca\/en\/1968-1982\/\" style=\"border-radius:10px;background-color:#a57d54\">1968-1982<\/a><\/div>\n<\/div>\n<\/div>\n\n\n\n<div class=\"wp-block-column is-layout-flow wp-block-column-is-layout-flow\">\n<div class=\"wp-block-buttons is-layout-flex wp-block-buttons-is-layout-flex\">\n<div class=\"wp-block-button has-custom-width wp-block-button__width-100\"><a class=\"wp-block-button__link has-background wp-element-button\" href=\"https:\/\/parolefranco.ca\/en\/1983-2022\/\" style=\"border-radius:10px;background-color:#a57d54\">1983-2022<\/a><\/div>\n<\/div>\n<\/div>\n<\/div>\n<\/div>\n<\/div>\n\n\n\n<div style=\"height:40px\" aria-hidden=\"true\" class=\"wp-block-spacer\"><\/div>","protected":false},"excerpt":{"rendered":"<p>La provincialisation des identit\u00e9s francophones au Canada&nbsp;: l\u2019exemple fransaskois Les ann\u00e9es 1960 et 1970 marquent pour les \u00ab&nbsp;parlants fran\u00e7ais&nbsp;\u00bb du Canada une p\u00e9riode de grande ambivalence identitaire. La volont\u00e9 des francophones du Qu\u00e9bec de s\u2019affirmer comme \u00ab&nbsp;Qu\u00e9b\u00e9cois&nbsp;\u00bb, entra\u00eene un processus analogue dans les autres provinces. Les \u00ab&nbsp;Canadiens fran\u00e7ais&nbsp;\u00bb de jadis deviennent Franco-Manitobains, Franco-Albertains, ou Franco-Ontariens. [&hellip;]<\/p>\n","protected":false},"author":60472210,"featured_media":0,"parent":0,"menu_order":0,"comment_status":"closed","ping_status":"closed","template":"","meta":{"advanced_seo_description":"","jetpack_seo_html_title":"","jetpack_seo_noindex":false,"jetpack_seo_schema_type":"","_wpcom_ai_launchpad_about_page":false,"_wpcom_ai_launchpad_gallery_page":false,"_wpcom_ai_launchpad_contact_page":false,"_wpcom_ai_launchpad_events_page":false,"_wpcom_ai_launchpad_video_page":false,"_wpcom_ai_launchpad_portfolio_piece":false,"footnotes":""},"class_list":["post-502","page","type-page","status-publish","hentry"],"jetpack_likes_enabled":true,"jetpack_sharing_enabled":true,"jetpack_shortlink":"https:\/\/wp.me\/Pfdu74-86","_links":{"self":[{"href":"https:\/\/parolefranco.ca\/en\/wp-json\/wp\/v2\/pages\/502","targetHints":{"allow":["GET"]}}],"collection":[{"href":"https:\/\/parolefranco.ca\/en\/wp-json\/wp\/v2\/pages"}],"about":[{"href":"https:\/\/parolefranco.ca\/en\/wp-json\/wp\/v2\/types\/page"}],"author":[{"embeddable":true,"href":"https:\/\/parolefranco.ca\/en\/wp-json\/wp\/v2\/users\/60472210"}],"replies":[{"embeddable":true,"href":"https:\/\/parolefranco.ca\/en\/wp-json\/wp\/v2\/comments?post=502"}],"version-history":[{"count":20,"href":"https:\/\/parolefranco.ca\/en\/wp-json\/wp\/v2\/pages\/502\/revisions"}],"predecessor-version":[{"id":2316,"href":"https:\/\/parolefranco.ca\/en\/wp-json\/wp\/v2\/pages\/502\/revisions\/2316"}],"wp:attachment":[{"href":"https:\/\/parolefranco.ca\/en\/wp-json\/wp\/v2\/media?parent=502"}],"curies":[{"name":"wp","href":"https:\/\/api.w.org\/{rel}","templated":true}]}}