{"id":603,"date":"2023-11-24T15:58:08","date_gmt":"2023-11-24T20:58:08","guid":{"rendered":"https:\/\/parolefranco.ca\/?page_id=603"},"modified":"2024-02-28T18:48:05","modified_gmt":"2024-02-28T23:48:05","slug":"25-octobre-2002","status":"publish","type":"page","link":"https:\/\/parolefranco.ca\/en\/25-octobre-2002\/","title":{"rendered":"October 25, 2002"},"content":{"rendered":"\n<div class=\"wp-block-group alignfull has-border-color is-vertical is-content-justification-center is-nowrap is-layout-flex wp-container-core-group-is-layout-96eab88b wp-block-group-is-layout-flex\" style=\"border-color:#a6f5b0;border-width:65px;border-radius:0px;margin-top:0px;margin-bottom:0px\">\n<h2 class=\"wp-block-heading has-text-align-center has-foreground-color has-text-color has-link-color wp-elements-0cf4ea14b0d5ef5d2506d437280518e8\">\u00ab\u202fD\u00e9rangement\u202f\u00bb ou \u00ab\u202fg\u00e9nocide\u202f\u00bb?<br>Ces d\u00e9portations qui demeurent d\u2019actualit\u00e9 en Acadie<\/h2>\n\n\n\n<div style=\"height:30px\" aria-hidden=\"true\" class=\"wp-block-spacer wp-container-content-cf2db169\"><\/div>\n\n\n\n<p class=\"wp-block-paragraph\"><div class=\"_3d-flip-book  fb3d-fullscreen-mode full-size\" data-id=\"1809\" data-mode=\"fullscreen\" data-title=\"false\" data-template=\"short-white-book-view\" data-lightbox=\"dark-shadow\" data-urlparam=\"fb3d-page\" data-page-n=\"0\" data-pdf=\"\" data-tax=\"null\" data-thumbnail=\"\" data-cols=\"3\" data-book-template=\"default\" data-trigger=\"\"><\/div><script type=\"text\/javascript\">window.FB3D_CLIENT_DATA = window.FB3D_CLIENT_DATA || [];FB3D_CLIENT_DATA.push('eyJwb3N0cyI6eyIxODA5Ijp7IklEIjoxODA5LCJ0aXRsZSI6Ik1hbmlmZXN0ZSBCZWF1YmFzc2luIiwidHlwZSI6InBkZiIsInJlYWR5X2Z1bmN0aW9uIjoiIiwiYm9va19zdHlsZSI6InZvbHVtZS1wYWRkaW5ncy11bnJvbGxpbmciLCJib29rX3RlbXBsYXRlIjoibm9uZSIsIm91dGxpbmUiOltdLCJkYXRhIjp7InBvc3RfSUQiOiIxODEwIiwiZ3VpZCI6Imh0dHBzOlwvXC9wYXJvbGVmcmFuY28uY2FcL3dwLWNvbnRlbnRcL3VwbG9hZHNcLzIwMjRcLzAyXC8yMDAyLW1hbmlmZXN0ZS1iZWF1YmFzc2luLnBkZiIsInBkZl9wYWdlcyI6IjEiLCJwYWdlc19jdXN0b21pemF0aW9uIjoibm9uZSJ9LCJ0aHVtYm5haWwiOnsiZGF0YSI6eyJwb3N0X0lEIjoiMCJ9LCJ0eXBlIjoiYXV0byJ9LCJwcm9wcyI6eyJiYWNrZ3JvdW5kQ29sb3IiOiJhdXRvIiwiYmFja2dyb3VuZEltYWdlIjoiYXV0byIsImJhY2tncm91bmRTdHlsZSI6ImF1dG8iLCJoaWdobGlnaHRMaW5rcyI6ImF1dG8iLCJsaWdodGluZyI6ImF1dG8iLCJjYWNoZWRQYWdlcyI6ImF1dG8iLCJyZW5kZXJJbmFjdGl2ZVBhZ2VzIjoiYXV0byIsInJlbmRlckluYWN0aXZlUGFnZXNPbk1vYmlsZSI6ImF1dG8iLCJyZW5kZXJXaGlsZUZsaXBwaW5nIjoiYXV0byIsInByZWxvYWRQYWdlcyI6ImF1dG8iLCJhdXRvUGxheUR1cmF0aW9uIjoiYXV0byIsInJ0bCI6ImF1dG8iLCJpbnRlcmFjdGl2ZUNvcm5lcnMiOiJhdXRvIiwibWF4RGVwdGgiOiJhdXRvIiwic2hlZXQiOnsic3RhcnRWZWxvY2l0eSI6ImF1dG8iLCJ3YXZlIjoiYXV0byIsInNoYXBlIjoiYXV0byIsIndpZHRoVGV4ZWxzIjoiYXV0byIsImNvbG9yIjoiYXV0byIsInNpZGUiOiJhdXRvIiwiY29ybmVyRGV2aWF0aW9uIjoiYXV0byIsImZsZXhpYmlsaXR5IjoiYXV0byIsImZsZXhpYmxlQ29ybmVyIjoiYXV0byIsImJlbmRpbmciOiJhdXRvIiwiaGVpZ2h0VGV4ZWxzIjoiYXV0byJ9LCJjb3ZlciI6eyJ3YXZlIjoiYXV0byIsImNvbG9yIjoiYXV0byIsInNpZGUiOiJhdXRvIiwiYmluZGVyVGV4dHVyZSI6ImF1dG8iLCJkZXB0aCI6ImF1dG8iLCJwYWRkaW5nIjoiYXV0byIsInN0YXJ0VmVsb2NpdHkiOiJhdXRvIiwiZmxleGliaWxpdHkiOiJhdXRvIiwiZmxleGlibGVDb3JuZXIiOiJhdXRvIiwiYmVuZGluZyI6ImF1dG8iLCJ3aWR0aFRleGVscyI6ImF1dG8iLCJoZWlnaHRUZXhlbHMiOiJhdXRvIiwibWFzcyI6ImF1dG8iLCJzaGFwZSI6ImF1dG8ifSwicGFnZSI6eyJ3YXZlIjoiYXV0byIsImNvbG9yIjoiYXV0byIsInNpZGUiOiJhdXRvIiwiZGVwdGgiOiJhdXRvIiwic3RhcnRWZWxvY2l0eSI6ImF1dG8iLCJmbGV4aWJpbGl0eSI6ImF1dG8iLCJmbGV4aWJsZUNvcm5lciI6ImF1dG8iLCJiZW5kaW5nIjoiYXV0byIsIndpZHRoVGV4ZWxzIjoiYXV0byIsImhlaWdodFRleGVscyI6ImF1dG8iLCJtYXNzIjoiYXV0byIsInNoYXBlIjoiYXV0byJ9LCJoZWlnaHQiOiJhdXRvIiwid2lkdGgiOiJhdXRvIiwiZ3Jhdml0eSI6ImF1dG8iLCJwYWdlc0ZvclByZWRpY3RpbmciOiJhdXRvIn0sImNvbnRyb2xQcm9wcyI6eyJhY3Rpb25zIjp7ImNtZFRvYyI6eyJlbmFibGVkIjoiYXV0byIsImVuYWJsZWRJbk5hcnJvdyI6ImF1dG8iLCJhY3RpdmUiOiJhdXRvIiwiZGVmYXVsdFRhYiI6ImF1dG8ifSwiY21kQXV0b1BsYXkiOnsiZW5hYmxlZCI6ImF1dG8iLCJlbmFibGVkSW5OYXJyb3ciOiJhdXRvIiwiYWN0aXZlIjoiYXV0byJ9LCJjbWRTYXZlIjp7ImVuYWJsZWQiOiJhdXRvIiwiZW5hYmxlZEluTmFycm93IjoiYXV0byJ9LCJjbWRQcmludCI6eyJlbmFibGVkIjoiYXV0byIsImVuYWJsZWRJbk5hcnJvdyI6ImF1dG8ifSwiY21kU2luZ2xlUGFnZSI6eyJlbmFibGVkIjoiYXV0byIsImVuYWJsZWRJbk5hcnJvdyI6ImF1dG8iLCJhY3RpdmUiOiJhdXRvIiwiYWN0aXZlRm9yTW9iaWxlIjoiYXV0byJ9LCJ3aWRUb29sYmFyIjp7ImVuYWJsZWQiOiJhdXRvIiwiZW5hYmxlZEluTmFycm93IjoiYXV0byJ9fX0sImF1dG9UaHVtYm5haWwiOm51bGwsInBvc3RfbmFtZSI6Im1hbmlmZXN0ZS1iZWF1YmFzc2luIiwicG9zdF90eXBlIjoiM2QtZmxpcC1ib29rIn19LCJwYWdlcyI6W10sImZpcnN0UGFnZXMiOltdfQ==');window.FB3D_CLIENT_LOCALE && FB3D_CLIENT_LOCALE.render && FB3D_CLIENT_LOCALE.render();<\/script><\/p>\n\n\n\n<div style=\"height:30px\" aria-hidden=\"true\" class=\"wp-block-spacer wp-container-content-cf2db169\"><\/div>\n\n\n\n<div class=\"wp-block-columns is-layout-flex wp-container-core-columns-is-layout-f56f613f wp-block-columns-is-layout-flex\">\n<div class=\"wp-block-column is-layout-flow wp-block-column-is-layout-flow\" style=\"padding-top:0;padding-right:0;padding-bottom:0;padding-left:0;flex-basis:55%\">\n<p class=\"wp-block-paragraph\" style=\"font-size:20px\">Ce sont des \u00e9trangers tel le po\u00e8te am\u00e9ricain Henry Longfellow qui ont d\u2019abord racont\u00e9 la terrible histoire de la d\u00e9portation des Acadiens aux mains des Britanniques entre 1755 et 1762. Son <em>Evangeline <\/em>(1847) en devint le symbole. Tr\u00e8s graduellement, cependant, des Acadiens des Maritimes se sont r\u00e9appropri\u00e9 publiquement la m\u00e9moire de ce \u00ab\u202fGrand D\u00e9rangement\u202f\u00bb.&nbsp;&nbsp;<\/p>\n\n\n\n<p class=\"wp-block-paragraph\" style=\"font-size:20px\">Personne, toutefois, n\u2019a abord\u00e9 le sujet de la responsabilit\u00e9 de la d\u00e9portation avant le d\u00e9but des ann\u00e9es\u202f1990, quand l\u2019avocat louisianais Warren Perrin exige des excuses de la Couronne britannique par voie judiciaire.&nbsp;<br><br>L\u2019id\u00e9e est reprise par le d\u00e9put\u00e9 qu\u00e9b\u00e9cois aux origines acadiennes St\u00e9phane Bergeron, qui tente en 1999 et en 2001 de convaincre le Parlement f\u00e9d\u00e9ral \u00ab\u202fd\u2019intervenir [\u2026] afin que la Couronne britannique pr\u00e9sente des excuses officielles pour les pr\u00e9judices caus\u00e9s en son nom au peuple acadien\u202fde 1755 \u00e0 1763\u202f\u00bb. Ces motions sont toutefois torpill\u00e9es par le gouvernement f\u00e9d\u00e9ral de Jean Chr\u00e9tien, avec l\u2019appui de ses d\u00e9put\u00e9s d\u2019origine acadienne. La Soci\u00e9t\u00e9 nationale de l\u2019Acadie promet quant \u00e0 elle de travailler avec les \u00e9lus pour s\u2019entendre sur le contenu d\u2019une \u00ab\u202fmeilleure\u202f\u00bb r\u00e9solution, qui exclurait pourtant le terme \u00ab\u202fexcuses\u202f\u00bb. Cette discussion suscite un vif d\u00e9bat dans les m\u00e9dias.&nbsp;&nbsp;<\/p>\n\n\n\n<p class=\"wp-block-paragraph\" style=\"font-size:20px\">C\u2019est dans ce contexte que cinq personnes publient \u00ab\u202fle Manifeste Beaubassin\u202f\u00bb le 25\u202foctobre 2002. \u00ab\u202fOn a consult\u00e9 des historiens et les archives. Nos trouvailles nous ont renvers\u00e9s\u202f\u00bb, affirme l\u2019initiatrice, Marie-Claire Dugas. Le Manifeste souligne l\u2019ampleur du drame humain et le fait que l\u2019op\u00e9ration \u00e9tait ill\u00e9gale selon les lois de l\u2019\u00e9poque. Il conclut qu\u2019il s\u2019agit d\u2019un g\u00e9nocide.<br><br>L\u2019ann\u00e9e suivante, le gouvernement f\u00e9d\u00e9ral fait ent\u00e9riner une proclamation royale \u00ab\u202freconnaissant les torts caus\u00e9s aux Acadiens par la D\u00e9portation\u202f\u00bb. Celle-ci ne contient cependant aucune \u00ab\u202freconnaissance de responsabilit\u00e9\u202f\u00bb.<br><br>Pour certains, c\u2019est une \u00ab\u202fsortie \u00e9l\u00e9gante\u202f\u00bb de ce d\u00e9bat; pour d\u2019autres, un symbole pauvre, qui ne permettra pas \u00e0 l\u2019Acadie de \u00ab\u202frompre avec le cycle de la victimisation\u202f\u00bb. Depuis, le d\u00e9bat refait ponctuellement surface.&nbsp;&nbsp;<\/p>\n\n\n\n<div style=\"height:30px\" aria-hidden=\"true\" class=\"wp-block-spacer\"><\/div>\n\n\n\n<figure class=\"wp-block-image aligncenter size-large is-resized\"><img data-recalc-dims=\"1\" loading=\"lazy\" decoding=\"async\" width=\"2048\" height=\"703\" data-attachment-id=\"97\" data-permalink=\"https:\/\/parolefranco.ca\/en\/lilly-footer\/\" data-orig-file=\"https:\/\/i0.wp.com\/parolefranco.ca\/wp-content\/uploads\/2023\/10\/lilly-footer.png?fit=2048%2C703&amp;ssl=1\" data-orig-size=\"2048,703\" data-comments-opened=\"1\" data-image-meta=\"{&quot;aperture&quot;:&quot;0&quot;,&quot;credit&quot;:&quot;&quot;,&quot;camera&quot;:&quot;&quot;,&quot;caption&quot;:&quot;&quot;,&quot;created_timestamp&quot;:&quot;0&quot;,&quot;copyright&quot;:&quot;&quot;,&quot;focal_length&quot;:&quot;0&quot;,&quot;iso&quot;:&quot;0&quot;,&quot;shutter_speed&quot;:&quot;0&quot;,&quot;title&quot;:&quot;&quot;,&quot;orientation&quot;:&quot;0&quot;}\" data-image-title=\"lilly-footer\" data-image-description=\"\" data-image-caption=\"\" data-large-file=\"https:\/\/i0.wp.com\/parolefranco.ca\/wp-content\/uploads\/2023\/10\/lilly-footer.png?fit=1024%2C352&amp;ssl=1\" src=\"https:\/\/i0.wp.com\/parolefranco.ca\/wp-content\/uploads\/2023\/10\/lilly-footer.png?resize=2048%2C703&#038;ssl=1\" alt=\"\" class=\"wp-image-97\" style=\"width:332px;height:auto\"\/><\/figure>\n<\/div>\n\n\n\n<div class=\"wp-block-column has-background-color has-primary-background-color has-text-color has-background has-link-color wp-elements-1bcf053e443d6c0c02b980f14d3c9f34 is-layout-flow wp-block-column-is-layout-flow\" style=\"padding-top:var(--wp--preset--spacing--60);padding-right:var(--wp--preset--spacing--50);padding-bottom:var(--wp--preset--spacing--60);padding-left:var(--wp--preset--spacing--50);flex-basis:45%\">\n<p class=\"has-small-font-size wp-block-paragraph\"><strong>Titre du document<\/strong>\u202f: Le manifeste Beaubassin<br><br><strong>Date\u202f:<\/strong> 25\u202foctobre 2002<br><br><strong>Source<\/strong>\u202f<strong>:<\/strong> Le manifeste Beaubassin a \u00e9t\u00e9 publi\u00e9 dans l\u2019<em>Acadie Nouvelle<\/em>.&nbsp;<\/p>\n\n\n\n<p class=\"has-small-font-size wp-block-paragraph\"><strong>Pour en savoir plus<\/strong><\/p>\n\n\n\n<p class=\"has-small-font-size wp-block-paragraph\">En ligne<\/p>\n\n\n\n<p class=\"has-small-font-size wp-block-paragraph\"><span style=\"text-decoration: underline;\"><a href=\"https:\/\/laws-lois.justice.gc.ca\/fra\/reglements\/TR-2003-188\/page-1.html?wbdisable=false\" target=\"_blank\" rel=\"noreferrer noopener\">Proclamation d\u00e9signant le 28\u202fjuillet de chaque ann\u00e9e, \u00e0 compter de 2005 \u00ab\u202fJourn\u00e9e de comm\u00e9moration du Grand D\u00e9rangement\u202f\u00bb<\/a><\/span><br><br><span style=\"text-decoration: underline;\"><a href=\"https:\/\/1755.ca\/excuses\/\" target=\"_blank\" rel=\"noreferrer noopener\">Soci\u00e9t\u00e9 internationale Veritas Acadie. Le dossier <em>de la demande <\/em>d<em>\u2019<\/em>excuses.<\/a><\/span><br><br><span style=\"text-decoration: underline;\"><a href=\"https:\/\/voir.ca\/societe\/2002\/01\/10\/projet-dexcuses-officielles-au-peuple-acadien-motion-dhonneur\/\" target=\"_blank\" rel=\"noreferrer noopener\">Denoncourt, Fr\u00e9d\u00e9ric. \u00ab\u202fProjet d\u2019excuses officielles au peuple acadien\u202f: Motion d\u2019honneur\u202f\u00bb, <em>Voir <\/em>(Montr\u00e9al), 10\u202fjanvier 2002.<\/a><\/span><br><br><span style=\"text-decoration: underline;\"><a href=\"https:\/\/www.acadienouvelle.com\/editoriaux\/2017\/12\/13\/des-excuses-pour-les-acadiens\/\" target=\"_blank\" rel=\"noreferrer noopener\">Gravel, Fran\u00e7ois. \u00ab\u202fDes excuses pour les Acadiens\u202f\u00bb, <em>Acadie Nouvelle <\/em>(Caraquet), 13\u202fd\u00e9cembre 2017.<\/a><\/span><br><br><a href=\"https:\/\/lavoixacadienne.com\/patrimoine\/2183-memoire-de-la-deportation-acadienne-et-justice-historique-pourquoi-des-excuses-sont-elles-necessaires\" target=\"_blank\" rel=\"noreferrer noopener\">Thibault, Jean-Fran\u00e7ois. \u00ab\u202fM\u00e9moire de la d\u00e9portation acadienne et justice historique* &#8211; Pourquoi des excuses sont-elles n\u00e9cessaires?\u202f\u00bb, <em>La Voix acadienne<\/em> (Summerside), 9\u202fjuillet 2018.<\/a><\/p>\n\n\n\n<p class=\"has-small-font-size wp-block-paragraph\">Ouvrages et chapitres de ivre<\/p>\n\n\n\n<p class=\"has-small-font-size wp-block-paragraph\">Belkhodja, Chedly. \u00ab\u202fSavoir habiter le lieu de la m\u00e9moire\u202f: le cas de l\u2019Acadie\u202f\u00bb, dans Anne Gilbert, Michel Bock, et Joseph Yvon Th\u00e9riault (dir.), <em>Entre lieux et m\u00e9moire. L\u2019inscription de la francophonie canadienne dans la dur\u00e9e<\/em>, Ottawa, Les Presses de l\u2019Universit\u00e9 d\u2019Ottawa, 2009, p.\u202f276-279.&nbsp;&nbsp;<\/p>\n\n\n\n<p class=\"has-small-font-size wp-block-paragraph\">Belkhodja, Chedly. \u00ab\u202fLes d\u00e9placements de la m\u00e9moire acadienne\u202f\u00bb, dans Martin P\u00e2quet et St\u00e9phane Savard (dir.), <em>Balises et r\u00e9f\u00e9rences. Acadies, francophonies, <\/em>Qu\u00e9bec, Presses de l\u2019Universit\u00e9 Laval\/Chaire d\u2019\u00e9tudes sur la francophonie en Am\u00e9rique du Nord (CEFAN), 2007, p.\u202f213-229.&nbsp;<\/p>\n\n\n\n<p class=\"has-small-font-size wp-block-paragraph\">Rudin, Ronald. <em>Remembering and Forgetting in Acadie: A Historian\u2019s Journey through Public Memory<\/em>, Toronto, University of Toronto Press, 2009.&nbsp;<\/p>\n\n\n\n<p class=\"has-small-font-size wp-block-paragraph\">Rudin, Ronald. <em>L\u2019Acadie entre le souvenir et l\u2019oubli. Un historien sur les chemins de la m\u00e9moire collective<\/em>, Montr\u00e9al, Bor\u00e9al, 2014.&nbsp;<\/p>\n\n\n\n<p class=\"has-small-font-size wp-block-paragraph\">Th\u00e9riault, Joseph Yvon. \u00ab\u202f1604\u202f: la m\u00e9moire se joue de l\u2019Acadie\u202f\u00bb, dans Michel Venne (dir.), <em>L\u2019annuaire du Qu\u00e9bec\u202f2005<\/em>, Montr\u00e9al, Fides, 2004, p.\u202f673-677.&nbsp;<\/p>\n\n\n\n<p class=\"has-small-font-size wp-block-paragraph\">Thibault, Jean-Fran\u00e7ois. \u00ab\u202fPourquoi des excuses sont-elles n\u00e9cessaires? M\u00e9moires de la d\u00e9portation acadienne et justice historique\u202f\u00bb,\u202f<em>Les cahiers\u202f:<\/em> <em>Soci\u00e9t\u00e9 historique acadienne<\/em>, vol.\u202f36, n<sup>o<\/sup>\u202f2-3 (septembre\u202f2005), p.\u202f122-131.&nbsp;&nbsp;<\/p>\n<\/div>\n<\/div>\n\n\n\n<div style=\"height:0px;width:0px\" aria-hidden=\"true\" class=\"wp-block-spacer wp-container-content-f7b87a2a\"><\/div>\n<\/div>\n\n\n\n<div class=\"wp-block-columns is-layout-flex wp-container-core-columns-is-layout-f56f613f wp-block-columns-is-layout-flex\">\n<div class=\"wp-block-column is-layout-flow wp-block-column-is-layout-flow\">\n<div class=\"wp-block-columns is-layout-flex wp-container-core-columns-is-layout-f56f613f wp-block-columns-is-layout-flex\">\n<div class=\"wp-block-column is-layout-flow wp-block-column-is-layout-flow\">\n<div class=\"wp-block-buttons is-layout-flex wp-block-buttons-is-layout-flex\">\n<div class=\"wp-block-button has-custom-width wp-block-button__width-100\"><a class=\"wp-block-button__link has-background wp-element-button\" href=\"https:\/\/parolefranco.ca\/1867-1927\/\" style=\"border-radius:10px;background-color:#a57d54\">1867-1927<\/a><\/div>\n<\/div>\n<\/div>\n\n\n\n<div class=\"wp-block-column is-layout-flow wp-block-column-is-layout-flow\">\n<div class=\"wp-block-buttons is-layout-flex wp-block-buttons-is-layout-flex\">\n<div class=\"wp-block-button has-custom-width wp-block-button__width-100\"><a class=\"wp-block-button__link has-background wp-element-button\" href=\"https:\/\/parolefranco.ca\/1928-1967\/\" style=\"border-radius:10px;background-color:#a57d54\">1928-1967<\/a><\/div>\n<\/div>\n<\/div>\n<\/div>\n<\/div>\n\n\n\n<div class=\"wp-block-column is-layout-flow wp-block-column-is-layout-flow\">\n<div class=\"wp-block-columns is-layout-flex wp-container-core-columns-is-layout-f56f613f wp-block-columns-is-layout-flex\">\n<div class=\"wp-block-column is-layout-flow wp-block-column-is-layout-flow\">\n<div class=\"wp-block-buttons is-layout-flex wp-block-buttons-is-layout-flex\">\n<div class=\"wp-block-button has-custom-width wp-block-button__width-100\"><a class=\"wp-block-button__link has-background wp-element-button\" href=\"https:\/\/parolefranco.ca\/1968-1982\/\" style=\"border-radius:10px;background-color:#a57d54\">1968-1982<\/a><\/div>\n<\/div>\n<\/div>\n\n\n\n<div class=\"wp-block-column is-layout-flow wp-block-column-is-layout-flow\">\n<div class=\"wp-block-buttons is-layout-flex wp-block-buttons-is-layout-flex\">\n<div class=\"wp-block-button has-custom-width wp-block-button__width-100\"><a class=\"wp-block-button__link has-background wp-element-button\" href=\"https:\/\/parolefranco.ca\/1983-2022\/\" style=\"border-radius:10px;background-color:#a57d54\">1983-2022<\/a><\/div>\n<\/div>\n<\/div>\n<\/div>\n<\/div>\n<\/div>\n\n\n\n<div style=\"height:40px\" aria-hidden=\"true\" class=\"wp-block-spacer\"><\/div>\n","protected":false},"excerpt":{"rendered":"<p>\u00ab\u202fD\u00e9rangement\u202f\u00bb ou \u00ab\u202fg\u00e9nocide\u202f\u00bb?Ces d\u00e9portations qui demeurent d\u2019actualit\u00e9 en Acadie Ce sont des \u00e9trangers tel le po\u00e8te am\u00e9ricain Henry Longfellow qui ont d\u2019abord racont\u00e9 la terrible histoire de la d\u00e9portation des Acadiens aux mains des Britanniques entre 1755 et 1762. Son Evangeline (1847) en devint le symbole. Tr\u00e8s graduellement, cependant, des Acadiens des Maritimes se sont [&hellip;]<\/p>\n","protected":false},"author":60472210,"featured_media":0,"parent":0,"menu_order":0,"comment_status":"closed","ping_status":"closed","template":"","meta":{"_crdt_document":"","advanced_seo_description":"","jetpack_seo_html_title":"","jetpack_seo_noindex":false,"footnotes":""},"class_list":["post-603","page","type-page","status-publish","hentry"],"jetpack_likes_enabled":true,"jetpack_sharing_enabled":true,"jetpack_shortlink":"https:\/\/wp.me\/Pfdu74-9J","_links":{"self":[{"href":"https:\/\/parolefranco.ca\/en\/wp-json\/wp\/v2\/pages\/603","targetHints":{"allow":["GET"]}}],"collection":[{"href":"https:\/\/parolefranco.ca\/en\/wp-json\/wp\/v2\/pages"}],"about":[{"href":"https:\/\/parolefranco.ca\/en\/wp-json\/wp\/v2\/types\/page"}],"author":[{"embeddable":true,"href":"https:\/\/parolefranco.ca\/en\/wp-json\/wp\/v2\/users\/60472210"}],"replies":[{"embeddable":true,"href":"https:\/\/parolefranco.ca\/en\/wp-json\/wp\/v2\/comments?post=603"}],"version-history":[{"count":26,"href":"https:\/\/parolefranco.ca\/en\/wp-json\/wp\/v2\/pages\/603\/revisions"}],"predecessor-version":[{"id":2216,"href":"https:\/\/parolefranco.ca\/en\/wp-json\/wp\/v2\/pages\/603\/revisions\/2216"}],"wp:attachment":[{"href":"https:\/\/parolefranco.ca\/en\/wp-json\/wp\/v2\/media?parent=603"}],"curies":[{"name":"wp","href":"https:\/\/api.w.org\/{rel}","templated":true}]}}